{"id":90,"date":"2015-08-08T13:57:53","date_gmt":"2015-08-08T13:57:53","guid":{"rendered":"http:\/\/faucon-folk.fr\/?page_id=90"},"modified":"2025-05-06T06:56:33","modified_gmt":"2025-05-06T06:56:33","slug":"nos-bals-et-concerts-passes-et-a-venir","status":"publish","type":"page","link":"https:\/\/faucon-folk.fr\/index.php\/nos-bals-et-concerts-passes-et-a-venir\/","title":{"rendered":"Nos bals et concerts, pass\u00e9s et \u00e0 venir"},"content":{"rendered":"\n<p><\/p>\n\n\n\n<h2 class=\"has-large-font-size\"><strong><div class=\"well well-sm\">2025<\/div><\/strong><\/h2>\n\n\n\n<h6><strong><div class=\"row\"><br \/><div class=\"col-xs-6\">\n\n\n\n<p><\/p>\n\n\n\n<ul><li>4 juillet \u00e0 la Balme de Rencurel, 20h30 \u00e0 la salle des f\u00eates : <strong><mark style=\"background-color:rgba(0, 0, 0, 0);color:#4d0202\" class=\"has-inline-color\">bal \u00ab\u00a0Orga-Folk\u00a0\u00bb ouvert \u00e0 tou.te.s les danseurs et danseuses.<\/mark><\/strong><\/li><li>21 juin \u00e0 Saint Laurent en Royans : <strong><mark style=\"background-color:rgba(0, 0, 0, 0);color:#580202\" class=\"has-inline-color\">bal priv\u00e9 pour l&rsquo;anniversaire de Fran\u00e7oise<\/mark><\/strong><\/li><li>8 mai \u00e0 Saint Agnan en Vercors : <strong><mark style=\"background-color:rgba(0, 0, 0, 0);color:#580101\" class=\"has-inline-color\">bal pour l&rsquo;atelier de Nicole<\/mark><\/strong><\/li><li>29 mars 2025 \u00e0 G\u00e9nissieux :<mark style=\"background-color:rgba(0, 0, 0, 0);color:#570101\" class=\"has-inline-color\"> <strong>bal en cl\u00f4ture d&rsquo;une journ\u00e9e ornithologique sur la chouette Effraie des clochers. <\/strong><\/mark><\/li><\/ul>\n\n\n\n<figure class=\"wp-block-image size-thumbnail\"><a href=\"http:\/\/faucon-folk.fr\/wp-content\/uploads\/2025\/04\/fauconfolk95.jpg\"><img loading=\"lazy\" width=\"150\" height=\"150\" src=\"http:\/\/faucon-folk.fr\/wp-content\/uploads\/2025\/04\/fauconfolk95-150x150.jpg\" alt=\"\" class=\"wp-image-1003\" srcset=\"https:\/\/faucon-folk.fr\/wp-content\/uploads\/2025\/04\/fauconfolk95-150x150.jpg 150w, https:\/\/faucon-folk.fr\/wp-content\/uploads\/2025\/04\/fauconfolk95-600x600.jpg 600w, https:\/\/faucon-folk.fr\/wp-content\/uploads\/2025\/04\/fauconfolk95-410x410.jpg 410w, https:\/\/faucon-folk.fr\/wp-content\/uploads\/2025\/04\/fauconfolk95-80x80.jpg 80w\" sizes=\"(max-width: 150px) 100vw, 150px\" \/><\/a><figcaption>Effraie des clochers. (Image Oiseau.net)<\/figcaption><\/figure>\n\n\n\n<p><\/p>\n\n\n\n<p><\/p><\/div>\n\n\n\n<div class=\"col-xs-6\">\n\n\n\n<ul><li>15 mars 2025 \u00e0 Saint Laurent en Royans : <mark style=\"background-color:rgba(0, 0, 0, 0);color:#590303\" class=\"has-inline-color\">\u00ab\u00a0<strong>bal de l&rsquo;ourse<\/strong>\u00a0\u00bb <strong>en cl\u00f4ture des rencontres naturalistes organis\u00e9es par la LPO.<\/strong><\/mark><\/li><\/ul>\n\n\n\n<figure class=\"wp-block-image size-large\"><a href=\"http:\/\/faucon-folk.fr\/wp-content\/uploads\/2025\/04\/fauconfolk93.jpg\"><img loading=\"lazy\" width=\"1024\" height=\"636\" src=\"http:\/\/faucon-folk.fr\/wp-content\/uploads\/2025\/04\/fauconfolk93-1024x636.jpg\" alt=\"\" class=\"wp-image-993\" srcset=\"https:\/\/faucon-folk.fr\/wp-content\/uploads\/2025\/04\/fauconfolk93-1024x636.jpg 1024w, https:\/\/faucon-folk.fr\/wp-content\/uploads\/2025\/04\/fauconfolk93-300x186.jpg 300w, https:\/\/faucon-folk.fr\/wp-content\/uploads\/2025\/04\/fauconfolk93-768x477.jpg 768w, https:\/\/faucon-folk.fr\/wp-content\/uploads\/2025\/04\/fauconfolk93-1536x954.jpg 1536w, https:\/\/faucon-folk.fr\/wp-content\/uploads\/2025\/04\/fauconfolk93-2048x1272.jpg 2048w, https:\/\/faucon-folk.fr\/wp-content\/uploads\/2025\/04\/fauconfolk93-685x425.jpg 685w, https:\/\/faucon-folk.fr\/wp-content\/uploads\/2025\/04\/fauconfolk93-720x447.jpg 720w\" sizes=\"(max-width: 1024px) 100vw, 1024px\" \/><\/a><\/figure>\n\n\n\n<figure class=\"wp-block-image size-medium\"><a href=\"http:\/\/faucon-folk.fr\/wp-content\/uploads\/2025\/04\/fauconfolk94_affiche.jpg\"><img loading=\"lazy\" width=\"212\" height=\"300\" src=\"http:\/\/faucon-folk.fr\/wp-content\/uploads\/2025\/04\/fauconfolk94_affiche-212x300.jpg\" alt=\"\" class=\"wp-image-998\" srcset=\"https:\/\/faucon-folk.fr\/wp-content\/uploads\/2025\/04\/fauconfolk94_affiche-212x300.jpg 212w, https:\/\/faucon-folk.fr\/wp-content\/uploads\/2025\/04\/fauconfolk94_affiche-724x1024.jpg 724w, https:\/\/faucon-folk.fr\/wp-content\/uploads\/2025\/04\/fauconfolk94_affiche-768x1086.jpg 768w, https:\/\/faucon-folk.fr\/wp-content\/uploads\/2025\/04\/fauconfolk94_affiche-1086x1536.jpg 1086w, https:\/\/faucon-folk.fr\/wp-content\/uploads\/2025\/04\/fauconfolk94_affiche-1448x2048.jpg 1448w, https:\/\/faucon-folk.fr\/wp-content\/uploads\/2025\/04\/fauconfolk94_affiche-706x999.jpg 706w, https:\/\/faucon-folk.fr\/wp-content\/uploads\/2025\/04\/fauconfolk94_affiche.jpg 1587w\" sizes=\"(max-width: 212px) 100vw, 212px\" \/><\/a><\/figure>\n\n\n\n<p><br \/><\/p>\n\n\n\n<p><\/p><\/div><br \/><\/div><\/p>\n\n\n\n<p><\/p>\n\n\n\n<h2 class=\"has-large-font-size\"><strong><div class=\"well well-sm\">2024<\/div><\/strong><\/h2>\n\n\n\n<h6><strong><div class=\"row\"><br \/><div class=\"col-xs-6\">\n\n\n\n<ul><li>20 octobre 2024 \u00e0 la ferme des Roussets : <strong>p&rsquo;tit bal pour la suite de l&rsquo;\u00e9pisode de la gr\u00eale.<\/strong><\/li><li>21 septembre2024 \u00e0 Rochefort-Samson : <strong>mariage de Pauline et Nicolas.<\/strong><\/li><li>16 ao\u00fbt \u00e0 Saint Laurent : <strong>bal pour la f\u00eate de la vie<\/strong><\/li><li>23 juin \u00e0 Chabottes : <strong>bal \u00ab\u00a0Orga-Folk\u00a0\u00bb<\/strong><\/li><li>5 avril \u00e0 la Balme de Rencurel : <strong>bal \u00ab\u00a0Orga-Folk\u00a0\u00bb<\/strong><\/li><\/ul>\n\n\n\n<figure class=\"wp-block-image size-large\"><a href=\"http:\/\/faucon-folk.fr\/wp-content\/uploads\/2024\/12\/fauconfolk91.jpg\"><img loading=\"lazy\" width=\"1024\" height=\"708\" src=\"http:\/\/faucon-folk.fr\/wp-content\/uploads\/2024\/12\/fauconfolk91-1024x708.jpg\" alt=\"\" class=\"wp-image-978\" srcset=\"https:\/\/faucon-folk.fr\/wp-content\/uploads\/2024\/12\/fauconfolk91-1024x708.jpg 1024w, https:\/\/faucon-folk.fr\/wp-content\/uploads\/2024\/12\/fauconfolk91-300x207.jpg 300w, https:\/\/faucon-folk.fr\/wp-content\/uploads\/2024\/12\/fauconfolk91-768x531.jpg 768w, https:\/\/faucon-folk.fr\/wp-content\/uploads\/2024\/12\/fauconfolk91-1536x1062.jpg 1536w, https:\/\/faucon-folk.fr\/wp-content\/uploads\/2024\/12\/fauconfolk91-2048x1416.jpg 2048w, https:\/\/faucon-folk.fr\/wp-content\/uploads\/2024\/12\/fauconfolk91-720x498.jpg 720w\" sizes=\"(max-width: 1024px) 100vw, 1024px\" \/><\/a><\/figure>\n\n\n\n<p><\/p><\/div>\n\n\n\n<div class=\"col-xs-6\">\n\n\n\n<figure class=\"wp-block-image size-large\"><a href=\"http:\/\/faucon-folk.fr\/wp-content\/uploads\/2024\/12\/fauconfolk92.jpg\"><img loading=\"lazy\" width=\"1024\" height=\"714\" src=\"http:\/\/faucon-folk.fr\/wp-content\/uploads\/2024\/12\/fauconfolk92-1024x714.jpg\" alt=\"\" class=\"wp-image-979\" srcset=\"https:\/\/faucon-folk.fr\/wp-content\/uploads\/2024\/12\/fauconfolk92-1024x714.jpg 1024w, https:\/\/faucon-folk.fr\/wp-content\/uploads\/2024\/12\/fauconfolk92-300x209.jpg 300w, https:\/\/faucon-folk.fr\/wp-content\/uploads\/2024\/12\/fauconfolk92-768x536.jpg 768w, https:\/\/faucon-folk.fr\/wp-content\/uploads\/2024\/12\/fauconfolk92-1536x1071.jpg 1536w, https:\/\/faucon-folk.fr\/wp-content\/uploads\/2024\/12\/fauconfolk92-720x502.jpg 720w, https:\/\/faucon-folk.fr\/wp-content\/uploads\/2024\/12\/fauconfolk92.jpg 1764w\" sizes=\"(max-width: 1024px) 100vw, 1024px\" \/><\/a><\/figure>\n\n\n\n<ul><li>14 janvier \u00e0 Saint Martin le Colonel : <strong>bal chez Isabelle<\/strong><\/li><\/ul>\n\n\n\n<p><\/p><\/div><br \/><\/div><\/p>\n\n\n\n<h1><div class=\"well well-sm\">2023<\/div><\/h1>\n\n\n\n<p><\/p>\n\n\n\n<div class=\"row\"><br \/><div class=\"col-xs-6\">\n\n\n\n<ul><li>2 d\u00e9cembre \u00e0 Saint-Martin-en-Vercors : <strong>bal pour les journ\u00e9es naturalistes de la LPO.<\/strong><\/li><\/ul>\n\n\n\n<figure class=\"wp-block-image size-large\"><a href=\"http:\/\/faucon-folk.fr\/wp-content\/uploads\/2024\/11\/fauconfolk89.jpg\"><img loading=\"lazy\" width=\"1024\" height=\"768\" src=\"http:\/\/faucon-folk.fr\/wp-content\/uploads\/2024\/11\/fauconfolk89-1024x768.jpg\" alt=\"\" class=\"wp-image-962\" srcset=\"https:\/\/faucon-folk.fr\/wp-content\/uploads\/2024\/11\/fauconfolk89-1024x768.jpg 1024w, https:\/\/faucon-folk.fr\/wp-content\/uploads\/2024\/11\/fauconfolk89-300x225.jpg 300w, https:\/\/faucon-folk.fr\/wp-content\/uploads\/2024\/11\/fauconfolk89-768x576.jpg 768w, https:\/\/faucon-folk.fr\/wp-content\/uploads\/2024\/11\/fauconfolk89-1536x1152.jpg 1536w, https:\/\/faucon-folk.fr\/wp-content\/uploads\/2024\/11\/fauconfolk89-2048x1536.jpg 2048w, https:\/\/faucon-folk.fr\/wp-content\/uploads\/2024\/11\/fauconfolk89-720x540.jpg 720w\" sizes=\"(max-width: 1024px) 100vw, 1024px\" \/><\/a><\/figure>\n\n\n\n<ul><li>12 octobre \u00e0 Vassieux : <strong>bal priv\u00e9 pour l&rsquo;anniversaire<\/strong><\/li><li>10 ao\u00fbt \u00e0 Saint-Martin-en-Vercors : <strong>animation pour le Bazar de St-Martin.<\/strong><\/li><li>2 juillet \u00e0 Beaufort-sur-Gervanne : <strong>bal pour l&rsquo;ABC du Crestois.<\/strong> Bal \u00e0 21h00.<\/li><li>24 juin \u00e0 St Julien-en-Vercors : <strong>bal pour la f\u00eate de l&rsquo;Atlas Biodiversit\u00e9 Communal du Parc Naturel R\u00e9gional du Vercors<\/strong>. Bal \u00e0 21h00.<\/li><li>21 juin \u00e0 St Martin-en-Vercors : <strong>\u00e0 l&rsquo;occasion de la f\u00eate de la musique.<\/strong> <strong>D\u00e9ambulation folkeresque participative<\/strong>, d\u00e9part du tilleul \u00e0 18h30.<\/li><li>19 juin \u00e0 St Agnan-en-Vercors : <strong>pour le petit march\u00e9 de St Agnan.<\/strong> Concert de 17h \u00e0 19h.<\/li><\/ul>\n\n\n\n<p><\/p>\n\n\n<p><\/p><\/div><br class=\"nc\"\/><div class=\"col-xs-6\">\n<ul>\n<li>10 juin \u00e0 St-Jean-en-Royans : <strong>bal pour les 50 ans du Centre Social de la Paz.<\/strong> <a href=\"https:\/\/www.youtube.com\/watch?v=uY7KDIS7oFQ&amp;t=122s\" target=\"_blank\" rel=\"noreferrer noopener\">Petit r\u00e9sum\u00e9 ici<\/a>.<\/li>\n<\/ul>\n<figure class=\"wp-block-image size-large\"><a href=\"http:\/\/faucon-folk.fr\/wp-content\/uploads\/2024\/11\/fauconfolk90.jpg\"><img loading=\"lazy\" width=\"1024\" height=\"539\" class=\"wp-image-965\" src=\"http:\/\/faucon-folk.fr\/wp-content\/uploads\/2024\/11\/fauconfolk90-1024x539.jpg\" alt=\"\" srcset=\"https:\/\/faucon-folk.fr\/wp-content\/uploads\/2024\/11\/fauconfolk90-1024x539.jpg 1024w, https:\/\/faucon-folk.fr\/wp-content\/uploads\/2024\/11\/fauconfolk90-300x158.jpg 300w, https:\/\/faucon-folk.fr\/wp-content\/uploads\/2024\/11\/fauconfolk90-768x405.jpg 768w, https:\/\/faucon-folk.fr\/wp-content\/uploads\/2024\/11\/fauconfolk90-1536x809.jpg 1536w, https:\/\/faucon-folk.fr\/wp-content\/uploads\/2024\/11\/fauconfolk90-720x379.jpg 720w, https:\/\/faucon-folk.fr\/wp-content\/uploads\/2024\/11\/fauconfolk90.jpg 1809w\" sizes=\"(max-width: 1024px) 100vw, 1024px\" \/><\/a><\/figure>\n<p><\/p>\n<ul>\n<li>3 juin \u00e0 Jaujac (Ard\u00e8che) : <strong>bal pour l&rsquo;AG de la LPO.<\/strong><\/li>\n<li>17 mars \u00e0 Romans-sur-Is\u00e8re : <strong>bal pour une soir\u00e9e de soutien \u00e0 la maison de la Biosph\u00e8re<\/strong>. Infos sur l&rsquo;affiche.<\/li>\n<\/ul>\n\n\n\n<figure class=\"wp-block-image size-large\"><a href=\"http:\/\/faucon-folk.fr\/wp-content\/uploads\/2024\/11\/fauconfolk88_affiche.jpg\"><img loading=\"lazy\" class=\"aligncenter wp-image-968 size-thumbnail\" src=\"http:\/\/faucon-folk.fr\/wp-content\/uploads\/2024\/11\/fauconfolk88_affiche-150x150.jpg\" alt=\"\" width=\"150\" height=\"150\" srcset=\"https:\/\/faucon-folk.fr\/wp-content\/uploads\/2024\/11\/fauconfolk88_affiche-150x150.jpg 150w, https:\/\/faucon-folk.fr\/wp-content\/uploads\/2024\/11\/fauconfolk88_affiche-600x600.jpg 600w, https:\/\/faucon-folk.fr\/wp-content\/uploads\/2024\/11\/fauconfolk88_affiche-410x410.jpg 410w, https:\/\/faucon-folk.fr\/wp-content\/uploads\/2024\/11\/fauconfolk88_affiche-80x80.jpg 80w\" sizes=\"(max-width: 150px) 100vw, 150px\" \/><\/a><\/figure>\n<p>\n\n\n<\/p><p>\u00a0<\/p>\n<p><\/p><\/div><\/div>\n<p>\u00a0<\/p>\n<h1><div class=\"well well-sm\">2022<\/div><\/h1>\n<div class=\"row\"><div class=\"col-xs-6\">\n<ul>\n<li>8 octobre \u00e0 Saint Nazaire en Royans : <strong>bal populaire pour la sortie du film \u00ab\u00a0<a href=\"https:\/\/pulp-films.fr\/project\/des-cailloux-dans-la-chaussure\/\" target=\"_blank\" rel=\"noopener\">Des cailloux dans la chaussures<\/a>\u00ab\u00a0.<\/strong> Film sur la mobilisation pour sauver le site remarquable \u00ab\u00a0le Mont Vanille\u00a0\u00bb.<\/li>\n<li>3 septembre \u00e0 Saint Laurent en Royans : <strong>bal priv\u00e9 pour l&rsquo;anniversaire de Lisa<br \/><\/strong><\/li>\n<li>11 ao\u00fbt \u00e0 Saint Martin en Vercors : <strong>bal dans le cadre du Bazar de Saint Martin. <a href=\"https:\/\/isere.planetekiosque.com\/57-952632-5-bazar-saint-martin-edition.html\" target=\"_blank\" rel=\"noopener\">Programme complet ici<\/a>. <\/strong><\/li>\n<li>4 ao\u00fbt \u00e0 Vassieux en Vercors : <strong>animation pour la nuit des \u00e9toiles.<\/strong> Contact : VESPA<\/li>\n<li>23 juillet \u00e0 Saint Laurent en Royans : <strong>bal pour la f\u00eate du bleu.<\/strong><\/li>\n<\/ul>\n<p><a href=\"http:\/\/faucon-folk.fr\/wp-content\/uploads\/2022\/08\/fauconfolk84-scaled.jpg\"><img loading=\"lazy\" class=\"alignnone wp-image-821 size-large\" src=\"http:\/\/faucon-folk.fr\/wp-content\/uploads\/2022\/08\/fauconfolk84-1024x461.jpg\" alt=\"\" width=\"1024\" height=\"461\" srcset=\"https:\/\/faucon-folk.fr\/wp-content\/uploads\/2022\/08\/fauconfolk84-1024x461.jpg 1024w, https:\/\/faucon-folk.fr\/wp-content\/uploads\/2022\/08\/fauconfolk84-300x135.jpg 300w, https:\/\/faucon-folk.fr\/wp-content\/uploads\/2022\/08\/fauconfolk84-768x346.jpg 768w, https:\/\/faucon-folk.fr\/wp-content\/uploads\/2022\/08\/fauconfolk84-1536x691.jpg 1536w, https:\/\/faucon-folk.fr\/wp-content\/uploads\/2022\/08\/fauconfolk84-2048x922.jpg 2048w, https:\/\/faucon-folk.fr\/wp-content\/uploads\/2022\/08\/fauconfolk84-720x324.jpg 720w\" sizes=\"(max-width: 1024px) 100vw, 1024px\" \/><\/a><\/p>\n<p><a href=\"http:\/\/faucon-folk.fr\/wp-content\/uploads\/2022\/08\/fauconfolk85.jpg\"><img loading=\"lazy\" class=\"alignnone wp-image-820\" src=\"http:\/\/faucon-folk.fr\/wp-content\/uploads\/2022\/08\/fauconfolk85-1024x629.jpg\" alt=\"\" width=\"450\" height=\"276\" srcset=\"https:\/\/faucon-folk.fr\/wp-content\/uploads\/2022\/08\/fauconfolk85-1024x629.jpg 1024w, https:\/\/faucon-folk.fr\/wp-content\/uploads\/2022\/08\/fauconfolk85-300x184.jpg 300w, https:\/\/faucon-folk.fr\/wp-content\/uploads\/2022\/08\/fauconfolk85-768x472.jpg 768w, https:\/\/faucon-folk.fr\/wp-content\/uploads\/2022\/08\/fauconfolk85-1536x943.jpg 1536w, https:\/\/faucon-folk.fr\/wp-content\/uploads\/2022\/08\/fauconfolk85-2048x1258.jpg 2048w, https:\/\/faucon-folk.fr\/wp-content\/uploads\/2022\/08\/fauconfolk85-720x442.jpg 720w\" sizes=\"(max-width: 450px) 100vw, 450px\" \/><\/a><\/p>\n<p><\/p><\/div><div class=\"col-xs-6\">\n<ul>\n<li>29 juin \u00e0 Chabeuil : bal pour la <a href=\"https:\/\/www.lpo-drome-ardeche.fr\/\" target=\"_blank\" rel=\"noopener\">LPO<\/a>.<\/li>\n<\/ul>\n<p><a href=\"http:\/\/faucon-folk.fr\/wp-content\/uploads\/2022\/08\/fauconfolk86-scaled.jpg\"><img loading=\"lazy\" class=\"wp-image-829 size-large aligncenter\" src=\"http:\/\/faucon-folk.fr\/wp-content\/uploads\/2022\/08\/fauconfolk86-1024x527.jpg\" alt=\"\" width=\"1024\" height=\"527\" srcset=\"https:\/\/faucon-folk.fr\/wp-content\/uploads\/2022\/08\/fauconfolk86-1024x527.jpg 1024w, https:\/\/faucon-folk.fr\/wp-content\/uploads\/2022\/08\/fauconfolk86-300x155.jpg 300w, https:\/\/faucon-folk.fr\/wp-content\/uploads\/2022\/08\/fauconfolk86-768x396.jpg 768w, https:\/\/faucon-folk.fr\/wp-content\/uploads\/2022\/08\/fauconfolk86-1536x791.jpg 1536w, https:\/\/faucon-folk.fr\/wp-content\/uploads\/2022\/08\/fauconfolk86-2048x1055.jpg 2048w, https:\/\/faucon-folk.fr\/wp-content\/uploads\/2022\/08\/fauconfolk86-720x371.jpg 720w\" sizes=\"(max-width: 1024px) 100vw, 1024px\" \/><\/a><a href=\"http:\/\/faucon-folk.fr\/wp-content\/uploads\/2022\/08\/fauconfolk87-scaled.jpg\"><img loading=\"lazy\" class=\"wp-image-828 size-large aligncenter\" src=\"http:\/\/faucon-folk.fr\/wp-content\/uploads\/2022\/08\/fauconfolk87-1024x724.jpg\" alt=\"\" width=\"1024\" height=\"724\" srcset=\"https:\/\/faucon-folk.fr\/wp-content\/uploads\/2022\/08\/fauconfolk87-1024x724.jpg 1024w, https:\/\/faucon-folk.fr\/wp-content\/uploads\/2022\/08\/fauconfolk87-300x212.jpg 300w, https:\/\/faucon-folk.fr\/wp-content\/uploads\/2022\/08\/fauconfolk87-768x543.jpg 768w, https:\/\/faucon-folk.fr\/wp-content\/uploads\/2022\/08\/fauconfolk87-1536x1086.jpg 1536w, https:\/\/faucon-folk.fr\/wp-content\/uploads\/2022\/08\/fauconfolk87-2048x1448.jpg 2048w, https:\/\/faucon-folk.fr\/wp-content\/uploads\/2022\/08\/fauconfolk87-720x509.jpg 720w\" sizes=\"(max-width: 1024px) 100vw, 1024px\" \/><\/a><\/p>\n<ul>\n<li>11 juin \u00e0 Saint Bardoux : <strong>bal priv\u00e9 pour le d\u00e9part \u00e0 la retraite de Coco<\/strong><\/li>\n<li>28 mai \u00e0 Vassieux en Vercors : <strong>bal de soutien aux soignants suspendus <\/strong><\/li>\n<li>19 mars \u00e0\u00a0 Bathernay : <strong>bal de soutien aux soignants suspendus<\/strong><\/li>\n<\/ul>\n<p><\/p><\/div><\/div>\n<h1>\u00a0<\/h1>\n<h1><div class=\"well well-sm\">2021<\/div><\/h1>\n<div class=\"row\"><div class=\"col-xs-6\">\n<ul>\n<li>18 d\u00e9cembre \u00e0 la Balme de Rencurel : <strong>concert pour le march\u00e9 de No\u00ebl<\/strong><\/li>\n<li>27 novembre \u00e0 Sainte Eulalie : <strong>bal pour l&rsquo;anniversaire de Michel<\/strong><\/li>\n<li>14 novembre \u00e0 Ch\u00e2tillon Saint Jean : <strong>bal priv\u00e9<\/strong><\/li>\n<li>2 octobre \u00e0 Romans sur Is\u00e8re : <strong>bal priv\u00e9 pour soutenir la biodiversit\u00e9 dans le Vercors. R\u00e9servation n\u00e9cessaire par mail (planetaiire@gmail.com) ou t\u00e9l\u00e9phone (09 54 69 62 11)<\/strong><\/li>\n<\/ul>\n<p><a href=\"http:\/\/faucon-folk.fr\/wp-content\/uploads\/2015\/08\/fauconfolk82.jpg\"><img loading=\"lazy\" class=\"wp-image-799 alignleft\" src=\"http:\/\/faucon-folk.fr\/wp-content\/uploads\/2015\/08\/fauconfolk82-300x190.jpg\" alt=\"fauconfolk82\" width=\"280\" height=\"177\" srcset=\"https:\/\/faucon-folk.fr\/wp-content\/uploads\/2015\/08\/fauconfolk82-300x190.jpg 300w, https:\/\/faucon-folk.fr\/wp-content\/uploads\/2015\/08\/fauconfolk82-1024x648.jpg 1024w, https:\/\/faucon-folk.fr\/wp-content\/uploads\/2015\/08\/fauconfolk82-595x375.jpg 595w, https:\/\/faucon-folk.fr\/wp-content\/uploads\/2015\/08\/fauconfolk82-720x455.jpg 720w, https:\/\/faucon-folk.fr\/wp-content\/uploads\/2015\/08\/fauconfolk82.jpg 1459w\" sizes=\"(max-width: 280px) 100vw, 280px\" \/><\/a> <a href=\"http:\/\/faucon-folk.fr\/wp-content\/uploads\/2015\/08\/fauconfolk80.jpg\"><img loading=\"lazy\" class=\"wp-image-800 alignright\" src=\"http:\/\/faucon-folk.fr\/wp-content\/uploads\/2015\/08\/fauconfolk80-300x226.jpg\" alt=\"fauconfolk80\" width=\"280\" height=\"211\" srcset=\"https:\/\/faucon-folk.fr\/wp-content\/uploads\/2015\/08\/fauconfolk80-300x226.jpg 300w, https:\/\/faucon-folk.fr\/wp-content\/uploads\/2015\/08\/fauconfolk80-1024x772.jpg 1024w, https:\/\/faucon-folk.fr\/wp-content\/uploads\/2015\/08\/fauconfolk80-720x543.jpg 720w, https:\/\/faucon-folk.fr\/wp-content\/uploads\/2015\/08\/fauconfolk80.jpg 1027w\" sizes=\"(max-width: 280px) 100vw, 280px\" \/><\/a><\/p>\n<p><a href=\"http:\/\/faucon-folk.fr\/wp-content\/uploads\/2015\/08\/fauconfolk81.jpg\"><img loading=\"lazy\" class=\"wp-image-801 alignnone\" src=\"http:\/\/faucon-folk.fr\/wp-content\/uploads\/2015\/08\/fauconfolk81-300x225.jpg\" alt=\"fauconfolk81\" width=\"280\" height=\"210\" srcset=\"https:\/\/faucon-folk.fr\/wp-content\/uploads\/2015\/08\/fauconfolk81-300x225.jpg 300w, https:\/\/faucon-folk.fr\/wp-content\/uploads\/2015\/08\/fauconfolk81-1024x768.jpg 1024w, https:\/\/faucon-folk.fr\/wp-content\/uploads\/2015\/08\/fauconfolk81-720x540.jpg 720w, https:\/\/faucon-folk.fr\/wp-content\/uploads\/2015\/08\/fauconfolk81.jpg 1459w\" sizes=\"(max-width: 280px) 100vw, 280px\" \/><\/a><\/p>\n<ul>\n<li>11 septembre \u00e0 Courchevel : <strong>bal pour le mariage de Claire et Flo<br \/><\/strong><\/li>\n<\/ul>\n<p><a href=\"http:\/\/faucon-folk.fr\/wp-content\/uploads\/2015\/08\/fauconfolk83.jpg\"><img loading=\"lazy\" class=\"alignnone wp-image-808 size-full\" src=\"http:\/\/faucon-folk.fr\/wp-content\/uploads\/2015\/08\/fauconfolk83.jpg\" alt=\"fauconfolk83\" width=\"900\" height=\"600\" srcset=\"https:\/\/faucon-folk.fr\/wp-content\/uploads\/2015\/08\/fauconfolk83.jpg 900w, https:\/\/faucon-folk.fr\/wp-content\/uploads\/2015\/08\/fauconfolk83-300x200.jpg 300w, https:\/\/faucon-folk.fr\/wp-content\/uploads\/2015\/08\/fauconfolk83-720x480.jpg 720w, https:\/\/faucon-folk.fr\/wp-content\/uploads\/2015\/08\/fauconfolk83-286x192.jpg 286w\" sizes=\"(max-width: 900px) 100vw, 900px\" \/><\/a><\/p>\n<ul>\n<li>10 ao\u00fbt \u00e0 Saint Martin en Vercors : <strong>bal dans le cadre du Grand Bazar de Saint Martin<\/strong><\/li>\n<\/ul>\n<p><\/p><\/div>\n<p><div class=\"col-xs-6\">\n<ul>\n<li>16 juillet \u00e0 Saint Laurent en Royans : <strong>bal \u00e0 21h30 dans le cadre du Grand Virage.<\/strong><a href=\"http:\/\/faucon-folk.fr\/wp-content\/uploads\/2015\/08\/fauconfolk78_affiche.jpg\"><img loading=\"lazy\" class=\"alignnone wp-image-779\" src=\"http:\/\/faucon-folk.fr\/wp-content\/uploads\/2015\/08\/fauconfolk78_affiche-212x300.jpg\" alt=\"fauconfolk78_affiche\" width=\"66\" height=\"93\" srcset=\"https:\/\/faucon-folk.fr\/wp-content\/uploads\/2015\/08\/fauconfolk78_affiche-212x300.jpg 212w, https:\/\/faucon-folk.fr\/wp-content\/uploads\/2015\/08\/fauconfolk78_affiche.jpg 566w\" sizes=\"(max-width: 66px) 100vw, 66px\" \/><\/a><\/li>\n<\/ul>\n<p>Le programme complet ici : <strong><a href=\"http:\/\/faucon-folk.fr\/wp-content\/uploads\/2015\/08\/fauconfolk78_prog-grand-virage.pdf\" target=\"_blank\" rel=\"noopener\">programme grand virage<\/a><\/strong><\/p>\n<ul>\n<li>9 juillet \u00e0 La Chapelle en Vercors : <strong>bal pour la Base Nature Vercors de Vassieux. <\/strong>Camping les R\u00e9veilles \u00e0 la Chapelle, 20h30.<strong><br \/><\/strong><\/li>\n<li>28 juin \u00e0 Saint Agnan en Vercors : <strong>musique au petit march\u00e9. <\/strong>17h00 \u00e0 19h00<\/li>\n<\/ul>\n<p><a href=\"http:\/\/faucon-folk.fr\/wp-content\/uploads\/2015\/08\/fauconfolk79.jpg\"><img loading=\"lazy\" class=\"aligncenter wp-image-787 size-large\" src=\"http:\/\/faucon-folk.fr\/wp-content\/uploads\/2015\/08\/fauconfolk79-1024x418.jpg\" alt=\"fauconfolk79\" width=\"1024\" height=\"418\" srcset=\"https:\/\/faucon-folk.fr\/wp-content\/uploads\/2015\/08\/fauconfolk79-1024x418.jpg 1024w, https:\/\/faucon-folk.fr\/wp-content\/uploads\/2015\/08\/fauconfolk79-300x122.jpg 300w, https:\/\/faucon-folk.fr\/wp-content\/uploads\/2015\/08\/fauconfolk79-720x294.jpg 720w, https:\/\/faucon-folk.fr\/wp-content\/uploads\/2015\/08\/fauconfolk79.jpg 1390w\" sizes=\"(max-width: 1024px) 100vw, 1024px\" \/><\/a><\/p>\n<ul>\n<li>21 juin \u00e0 Saint Jean en Royans : <strong>musique \u00e0 la maison de retraite<\/strong><\/li>\n<li>14 mai \u00e0 Barcelonnette : <strong>bal pour l&rsquo;anniversaire de Nadine<\/strong><\/li>\n<\/ul>\n<p><\/p><\/div><\/p><\/div>\n<h1><div class=\"well well-sm\">2020<\/div><\/h1>\n<div class=\"row\"><div class=\"col-xs-6\">\n<ul>\n<li>27 septembre \u00e0 Saint Martin en Vercors : <strong>musique \u00e0 l&rsquo;occasion du 50<sup>\u00e8me<\/sup> anniversaire du Parc Naturel R\u00e9gional du Vercors.<\/strong><\/li>\n<li>4 septembre \u00e0 Saint Laurent en Royans : <strong>musique \u00e0 la Place des Possible pour une rencontre d&rsquo;associations.<\/strong><\/li>\n<li>13 ao\u00fbt \u00e0 Saint Martin en Vercors : <strong>musique dans le cadre du \u00ab\u00a0Bazar de Saint-Martin-en-Vercors\u00a0\u00bb<\/strong>. 19h20 place du Tilleul.<\/li>\n<li>28 janvier \u00e0 Romans sur Is\u00e8re : <strong>bal pour les Ateliers de Claire et Dominique \u00e0 la MJC Robert Martin.<\/strong> 21h00.<\/li>\n<\/ul>\n<p><\/p><\/div><div class=\"col-xs-6\">\n<p><\/p><\/div><\/div>\n<h1><div class=\"well well-sm\">2019<\/div><\/h1>\n<div class=\"row\"><div class=\"col-xs-6\">\n<ul>\n<li>30 novembre \u00e0 St Paul-l\u00e8s-Romans : <strong>bal pour l&rsquo;association ASTI.<\/strong><\/li>\n<li>8 novembre \u00e0 Geyssans : <strong>bal priv\u00e9 irlandais.<\/strong><\/li>\n<li>28 septembre \u00e0 St Martin en Vercors :<strong> bal dans le cadre des rencontres naturalistes de la LPO<\/strong>. Programme ci-dessous :<\/li>\n<li>21 septembre \u00e0 St Nazaire en Royans : <strong>bal sur l&rsquo;aqueduc dans le cadre des journ\u00e9es du Patrimoine, organis\u00e9 par l&rsquo;office du tourisme<\/strong>. Bal de 18h00 \u00e0 20h00.<\/li>\n<\/ul>\n<h2><a href=\"http:\/\/faucon-folk.fr\/wp-content\/uploads\/2015\/08\/fauconfolk74.jpg\"><img loading=\"lazy\" class=\"aligncenter wp-image-715\" src=\"http:\/\/faucon-folk.fr\/wp-content\/uploads\/2015\/08\/fauconfolk74.jpg\" alt=\"fauconfolk74\" width=\"650\" height=\"365\" srcset=\"https:\/\/faucon-folk.fr\/wp-content\/uploads\/2015\/08\/fauconfolk74.jpg 900w, https:\/\/faucon-folk.fr\/wp-content\/uploads\/2015\/08\/fauconfolk74-300x169.jpg 300w, https:\/\/faucon-folk.fr\/wp-content\/uploads\/2015\/08\/fauconfolk74-720x405.jpg 720w\" sizes=\"(max-width: 650px) 100vw, 650px\" \/><\/a><a href=\"https:\/\/www.youtube.com\/watch?v=0NzQ5dF7RYQ\" target=\"_blank\" rel=\"noopener\"><div class=\"well well-sm\"><em><strong><a href=\"https:\/\/www.youtube.com\/watch?v=0NzQ5dF7RYQ\" target=\"_blank\" rel=\"noopener\">Extraits en vid\u00e9o<\/a><\/strong><\/em><a href=\"https:\/\/www.youtube.com\/watch?v=0NzQ5dF7RYQ\" target=\"_blank\" rel=\"noopener\"><\/a><\/div><\/a><\/h2>\n<ul>\n<li>24 ao\u00fbt \u00e0 Saint Jean en Royans : <strong>bal priv\u00e9 pour l&rsquo;anniversaire de Pascale.<\/strong><\/li>\n<li>17 ao\u00fbt \u00e0 La Chapelle en Vercors : <strong>bal dans le cadre du \u00ab\u00a0<a href=\"http:\/\/grosbalduvercors.fr\/\" target=\"_blank\" rel=\"noopener\">Gros Bal du Vercors\u00a0\u00bb<\/a><\/strong>. Sur la place du march\u00e9.<\/li>\n<li>01 ao\u00fbt \u00e0 Vassieux : <strong>bal pour la nuit des \u00e9toiles. <\/strong>Au moulin \u00e0 vent.<\/li>\n<li>27 juillet \u00e0 St Martin en Vercors : <strong>bal dans le cadre de la F\u00eate du Bleu<\/strong>. \u00c0 partir de 18h00.<\/li>\n<li>6 juillet \u00e0 Vassieux en Vercors : <strong>bal priv\u00e9 pour l&rsquo;anniversaire de G\u00e9raldine.<a href=\"http:\/\/faucon-folk.fr\/wp-content\/uploads\/2015\/08\/fauconfolk70.jpg\"><img loading=\"lazy\" class=\"alignright wp-image-679\" src=\"http:\/\/faucon-folk.fr\/wp-content\/uploads\/2015\/08\/fauconfolk70-300x183.jpg\" alt=\"fauconfolk70\" width=\"350\" height=\"214\" srcset=\"https:\/\/faucon-folk.fr\/wp-content\/uploads\/2015\/08\/fauconfolk70-300x183.jpg 300w, https:\/\/faucon-folk.fr\/wp-content\/uploads\/2015\/08\/fauconfolk70-720x439.jpg 720w, https:\/\/faucon-folk.fr\/wp-content\/uploads\/2015\/08\/fauconfolk70.jpg 995w\" sizes=\"(max-width: 350px) 100vw, 350px\" \/><\/a><\/strong><\/li>\n<li>8 juin \u00e0 Privas : <strong>bal dans le cadre du festival Trad&rsquo;Ard\u00e8che.<\/strong><\/li>\n<\/ul>\n<p><a href=\"http:\/\/faucon-folk.fr\/wp-content\/uploads\/2015\/08\/fauconfolk69.jpg\"><img loading=\"lazy\" class=\"alignleft wp-image-678\" src=\"http:\/\/faucon-folk.fr\/wp-content\/uploads\/2015\/08\/fauconfolk69-300x219.jpg\" alt=\"fauconfolk69\" width=\"350\" height=\"256\" srcset=\"https:\/\/faucon-folk.fr\/wp-content\/uploads\/2015\/08\/fauconfolk69-300x219.jpg 300w, https:\/\/faucon-folk.fr\/wp-content\/uploads\/2015\/08\/fauconfolk69-720x526.jpg 720w, https:\/\/faucon-folk.fr\/wp-content\/uploads\/2015\/08\/fauconfolk69.jpg 741w\" sizes=\"(max-width: 350px) 100vw, 350px\" \/><\/a><\/p>\n<p><a href=\"http:\/\/faucon-folk.fr\/wp-content\/uploads\/2015\/08\/fauconfolk68.jpg\"><img loading=\"lazy\" class=\"wp-image-677 aligncenter\" src=\"http:\/\/faucon-folk.fr\/wp-content\/uploads\/2015\/08\/fauconfolk68.jpg\" alt=\"fauconfolk68\" width=\"600\" height=\"372\" srcset=\"https:\/\/faucon-folk.fr\/wp-content\/uploads\/2015\/08\/fauconfolk68.jpg 949w, https:\/\/faucon-folk.fr\/wp-content\/uploads\/2015\/08\/fauconfolk68-300x186.jpg 300w, https:\/\/faucon-folk.fr\/wp-content\/uploads\/2015\/08\/fauconfolk68-685x425.jpg 685w, https:\/\/faucon-folk.fr\/wp-content\/uploads\/2015\/08\/fauconfolk68-720x447.jpg 720w\" sizes=\"(max-width: 600px) 100vw, 600px\" \/><\/a><\/p>\n<p>\u00a0<\/p>\n<ul>\n<li>30 mai \u00e0 N\u00eemes : <strong>bal priv\u00e9 pour l&rsquo;anniversaire de C\u00e9cile.<\/strong><\/li>\n<li>25 mai \u00e0 Romans sur Is\u00e8re : <strong>bal pour la \u00ab\u00a0fa\u00eetes de la r\u00e9cup&rsquo; \u00ab\u00a0. La ressourcerie verte f\u00eate ses 10 ans.<\/strong><\/li>\n<li>4 mai \u00e0 Vassieux : <strong>bal pour le congr\u00e8s d\u00e9partemental de la F\u00e9d\u00e9ration Fran\u00e7aise de Sp\u00e9l\u00e9ologie.<\/strong><\/li>\n<li>26 avril \u00e0 la Chapelle en Vercors : <strong>bal en deuxi\u00e8me partie de la projection du film <a href=\"http:\/\/www.allocine.fr\/film\/fichefilm_gen_cfilm=264473.html\" target=\"_blank\" rel=\"noopener\">\u00ab\u00a0Le grand bal\u00a0\u00bb<\/a><\/strong> \u00e0 la salle des f\u00eates de la Chapelle. <strong>Bal en compagnie du groupe \u00ab\u00a0La Gypa\u00e8te et les Barbus\u00a0\u00bb<\/strong>.<\/li>\n<\/ul>\n<p><\/p><\/div><div class=\"col-xs-6\">\n<ul>\n<li>13 avril \u00e0 Saint Jean en Royans : <strong>Grand bal folk du printemps avec le groupe <a href=\"https:\/\/www.youtube.com\/watch?v=PyS8SyhbyUQ&amp;feature=youtu.be&amp;fbclid=IwAR1aZJwGAbtSxmMh41Pdf9do5VDX7sJX5BzHnClb17OJIPpQ2lftLQBCsb8\" target=\"_blank\" rel=\"noopener\">Pinot Gris<\/a> en premi\u00e8re partie.<\/strong><\/li>\n<\/ul>\n<p>\u00a0 <a href=\"http:\/\/faucon-folk.fr\/wp-content\/uploads\/2015\/08\/fauconfolk64.jpg\"><img loading=\"lazy\" class=\"aligncenter wp-image-655\" src=\"http:\/\/faucon-folk.fr\/wp-content\/uploads\/2015\/08\/fauconfolk64.jpg\" alt=\"fauconfolk64\" width=\"650\" height=\"459\" srcset=\"https:\/\/faucon-folk.fr\/wp-content\/uploads\/2015\/08\/fauconfolk64.jpg 900w, https:\/\/faucon-folk.fr\/wp-content\/uploads\/2015\/08\/fauconfolk64-300x212.jpg 300w, https:\/\/faucon-folk.fr\/wp-content\/uploads\/2015\/08\/fauconfolk64-720x509.jpg 720w\" sizes=\"(max-width: 650px) 100vw, 650px\" \/><\/a><a href=\"http:\/\/faucon-folk.fr\/wp-content\/uploads\/2015\/08\/fauconfolk67bis.jpg\"><img loading=\"lazy\" class=\"aligncenter wp-image-658\" src=\"http:\/\/faucon-folk.fr\/wp-content\/uploads\/2015\/08\/fauconfolk67bis.jpg\" alt=\"fauconfolk67bis\" width=\"650\" height=\"395\" srcset=\"https:\/\/faucon-folk.fr\/wp-content\/uploads\/2015\/08\/fauconfolk67bis.jpg 900w, https:\/\/faucon-folk.fr\/wp-content\/uploads\/2015\/08\/fauconfolk67bis-300x182.jpg 300w, https:\/\/faucon-folk.fr\/wp-content\/uploads\/2015\/08\/fauconfolk67bis-720x438.jpg 720w\" sizes=\"(max-width: 650px) 100vw, 650px\" \/><\/a><\/p>\n<ul>\n<li><a href=\"http:\/\/faucon-folk.fr\/wp-content\/uploads\/2015\/08\/fauconfolk66.jpg\"><img loading=\"lazy\" class=\"alignright wp-image-657\" src=\"http:\/\/faucon-folk.fr\/wp-content\/uploads\/2015\/08\/fauconfolk66-300x227.jpg\" alt=\"fauconfolk66\" width=\"250\" height=\"189\" srcset=\"https:\/\/faucon-folk.fr\/wp-content\/uploads\/2015\/08\/fauconfolk66-300x227.jpg 300w, https:\/\/faucon-folk.fr\/wp-content\/uploads\/2015\/08\/fauconfolk66-720x544.jpg 720w, https:\/\/faucon-folk.fr\/wp-content\/uploads\/2015\/08\/fauconfolk66.jpg 834w\" sizes=\"(max-width: 250px) 100vw, 250px\" \/><\/a>30 mars \u00e0 Romans sur Is\u00e8re :<strong> bal pour la \u00ab\u00a0Faites de l&rsquo;Amour\u00a0\u00bb<\/strong>. Salle de l&rsquo;\u00e9cole de Ga\u00efa de la villa Pagnon.<\/li>\n<\/ul>\n<p>Quand Phil\u00a0 est au violon&#8230;<\/p>\n<p><a href=\"http:\/\/faucon-folk.fr\/wp-content\/uploads\/2015\/08\/fauconfolk65.jpg\"><img loading=\"lazy\" class=\"alignnone wp-image-656\" src=\"http:\/\/faucon-folk.fr\/wp-content\/uploads\/2015\/08\/fauconfolk65.jpg\" alt=\"fauconfolk65\" width=\"650\" height=\"368\" srcset=\"https:\/\/faucon-folk.fr\/wp-content\/uploads\/2015\/08\/fauconfolk65.jpg 900w, https:\/\/faucon-folk.fr\/wp-content\/uploads\/2015\/08\/fauconfolk65-300x170.jpg 300w, https:\/\/faucon-folk.fr\/wp-content\/uploads\/2015\/08\/fauconfolk65-720x407.jpg 720w\" sizes=\"(max-width: 650px) 100vw, 650px\" \/><\/a><\/p>\n<ul>\n<li>25 mars la Coren\u00e7on : <strong>bal pour les \u00e9l\u00e8ves du lyc\u00e9e agricole de la C\u00f4te-Saint-Andr\u00e9<\/strong>.<\/li>\n<li>16 mars : <strong>la marche du si\u00e8cle pour le climat<\/strong><\/li>\n<\/ul>\n<p><a href=\"http:\/\/faucon-folk.fr\/wp-content\/uploads\/2015\/08\/fauconfolk63.jpg\"><img loading=\"lazy\" class=\"aligncenter wp-image-639\" src=\"http:\/\/faucon-folk.fr\/wp-content\/uploads\/2015\/08\/fauconfolk63-300x195.jpg\" alt=\"fauconfolk63\" width=\"400\" height=\"260\" srcset=\"https:\/\/faucon-folk.fr\/wp-content\/uploads\/2015\/08\/fauconfolk63-300x195.jpg 300w, https:\/\/faucon-folk.fr\/wp-content\/uploads\/2015\/08\/fauconfolk63-720x468.jpg 720w, https:\/\/faucon-folk.fr\/wp-content\/uploads\/2015\/08\/fauconfolk63-450x291.jpg 450w, https:\/\/faucon-folk.fr\/wp-content\/uploads\/2015\/08\/fauconfolk63.jpg 900w\" sizes=\"(max-width: 400px) 100vw, 400px\" \/><\/a><\/p>\n<ul>\n<li>26 janvier \u00e0 Die : <strong>bal pour les XVII\u00e8me rencontres de Die d&rsquo;\u00c9cologie au Quotidien<\/strong>. 21h00 \u00e0 la salle polyvalente. Programme complet de ces rencontres <strong><a href=\"https:\/\/www.ecologieauquotidien.fr\/\" target=\"_blank\" rel=\"noopener\">ici<\/a><\/strong>.<strong><br \/><\/strong><\/li>\n<\/ul>\n<p><a href=\"http:\/\/faucon-folk.fr\/wp-content\/uploads\/2015\/08\/fauconfolk62.jpg\"><img loading=\"lazy\" class=\"aligncenter wp-image-634\" src=\"http:\/\/faucon-folk.fr\/wp-content\/uploads\/2015\/08\/fauconfolk62.jpg\" alt=\"fauconfolk62\" width=\"650\" height=\"378\" srcset=\"https:\/\/faucon-folk.fr\/wp-content\/uploads\/2015\/08\/fauconfolk62.jpg 900w, https:\/\/faucon-folk.fr\/wp-content\/uploads\/2015\/08\/fauconfolk62-300x174.jpg 300w, https:\/\/faucon-folk.fr\/wp-content\/uploads\/2015\/08\/fauconfolk62-720x418.jpg 720w\" sizes=\"(max-width: 650px) 100vw, 650px\" \/><\/a><\/p>\n<p><\/p><\/div><\/div>\n<h1><div class=\"well well-sm\">2018<\/div><\/h1>\n<div class=\"row\"><div class=\"col-xs-6\">\n<ul>\n<li>14 d\u00e9cembre \u00e0 Romans sur Is\u00e8re : <strong>bal pour le repas de l&rsquo;ASTIR<\/strong> (maison de quartier No\u00ebl Guichard)<\/li>\n<\/ul>\n<p><a href=\"http:\/\/faucon-folk.fr\/wp-content\/uploads\/2015\/08\/fauconfolk61.jpg\" data-wp-editing=\"1\"><img loading=\"lazy\" class=\"aligncenter wp-image-618\" src=\"http:\/\/faucon-folk.fr\/wp-content\/uploads\/2015\/08\/fauconfolk61-300x194.jpg\" alt=\"fauconfolk61\" width=\"650\" height=\"419\" srcset=\"https:\/\/faucon-folk.fr\/wp-content\/uploads\/2015\/08\/fauconfolk61-300x194.jpg 300w, https:\/\/faucon-folk.fr\/wp-content\/uploads\/2015\/08\/fauconfolk61-720x464.jpg 720w, https:\/\/faucon-folk.fr\/wp-content\/uploads\/2015\/08\/fauconfolk61-835x539.jpg 835w, https:\/\/faucon-folk.fr\/wp-content\/uploads\/2015\/08\/fauconfolk61-450x291.jpg 450w, https:\/\/faucon-folk.fr\/wp-content\/uploads\/2015\/08\/fauconfolk61.jpg 1000w\" sizes=\"(max-width: 650px) 100vw, 650px\" \/><\/a><\/p>\n<ul>\n<li>10 novembre \u00e0 Ponsas : <strong>bal pour le comit\u00e9 des f\u00eates <\/strong><\/li>\n<\/ul>\n<p><a href=\"http:\/\/faucon-folk.fr\/wp-content\/uploads\/2015\/08\/fauconfolk60.jpg\"><img loading=\"lazy\" class=\"wp-image-613 alignleft\" src=\"http:\/\/faucon-folk.fr\/wp-content\/uploads\/2015\/08\/fauconfolk60.jpg\" alt=\"fauconfolk60\" width=\"274\" height=\"190\" srcset=\"https:\/\/faucon-folk.fr\/wp-content\/uploads\/2015\/08\/fauconfolk60.jpg 1000w, https:\/\/faucon-folk.fr\/wp-content\/uploads\/2015\/08\/fauconfolk60-300x208.jpg 300w, https:\/\/faucon-folk.fr\/wp-content\/uploads\/2015\/08\/fauconfolk60-720x500.jpg 720w\" sizes=\"(max-width: 274px) 100vw, 274px\" \/><\/a> <a href=\"http:\/\/faucon-folk.fr\/wp-content\/uploads\/2015\/08\/fauconfolk59.jpg\"><img loading=\"lazy\" class=\"alignnone wp-image-614\" src=\"http:\/\/faucon-folk.fr\/wp-content\/uploads\/2015\/08\/fauconfolk59.jpg\" alt=\"fauconfolk59\" width=\"270\" height=\"142\" srcset=\"https:\/\/faucon-folk.fr\/wp-content\/uploads\/2015\/08\/fauconfolk59.jpg 1000w, https:\/\/faucon-folk.fr\/wp-content\/uploads\/2015\/08\/fauconfolk59-300x158.jpg 300w, https:\/\/faucon-folk.fr\/wp-content\/uploads\/2015\/08\/fauconfolk59-720x379.jpg 720w\" sizes=\"(max-width: 270px) 100vw, 270px\" \/><\/a><\/p>\n<p>\u00a0<\/p>\n<ul>\n<li>11 ao\u00fbt \u00e0 Saint Jean en Royans : <strong>bal dans le cadre de l&rsquo;accueil par le comit\u00e9 de jumelage de Saint Jean de jeunes allemands et roumains.<\/strong><\/li>\n<li>6 ao\u00fbt \u00e0 la Chapelle en Vercors : <strong>bal pour le camping des \u00ab\u00a0Myrtilles\u00a0\u00bb<\/strong><\/li>\n<li>24 juillet \u00e0 la Chapelle en Vercors : <strong>bal pour le camping des \u00ab\u00a0Myrtilles\u00a0\u00bb<\/strong><\/li>\n<li>30 juin \u00e0 Romans sur Is\u00e8re : <strong>Bal pour le premier festival de la tendresse<\/strong> au parc de la villa Pagnon.<\/li>\n<\/ul>\n<p><a href=\"http:\/\/faucon-folk.fr\/wp-content\/uploads\/2015\/08\/fauconfolk58.jpg\"><img loading=\"lazy\" class=\"aligncenter wp-image-597\" src=\"http:\/\/faucon-folk.fr\/wp-content\/uploads\/2015\/08\/fauconfolk58.jpg\" alt=\"fauconfolk58\" width=\"650\" height=\"452\" srcset=\"https:\/\/faucon-folk.fr\/wp-content\/uploads\/2015\/08\/fauconfolk58.jpg 900w, https:\/\/faucon-folk.fr\/wp-content\/uploads\/2015\/08\/fauconfolk58-300x209.jpg 300w, https:\/\/faucon-folk.fr\/wp-content\/uploads\/2015\/08\/fauconfolk58-720x501.jpg 720w\" sizes=\"(max-width: 650px) 100vw, 650px\" \/><\/a><\/p>\n<p><\/p><\/div><div class=\"col-xs-6\">\n<ul>\n<li>21 juin \u00e0 Saint Martin en Vercors \u00e0 20h30 : <strong>bal pour la f\u00eate de la musique<\/strong><\/li>\n<\/ul>\n<p><a href=\"http:\/\/faucon-folk.fr\/wp-content\/uploads\/2015\/08\/fauconfolk57.jpg\"><img loading=\"lazy\" class=\"aligncenter wp-image-596\" src=\"http:\/\/faucon-folk.fr\/wp-content\/uploads\/2015\/08\/fauconfolk57.jpg\" alt=\"fauconfolk57\" width=\"400\" height=\"235\" srcset=\"https:\/\/faucon-folk.fr\/wp-content\/uploads\/2015\/08\/fauconfolk57.jpg 900w, https:\/\/faucon-folk.fr\/wp-content\/uploads\/2015\/08\/fauconfolk57-300x176.jpg 300w, https:\/\/faucon-folk.fr\/wp-content\/uploads\/2015\/08\/fauconfolk57-720x422.jpg 720w\" sizes=\"(max-width: 400px) 100vw, 400px\" \/><\/a><\/p>\n<ul>\n<li>28 avril \u00e0 Laveyron :<strong> journ\u00e9e \u00ab\u00a0Qu&rsquo;est ce qu&rsquo;on met dans notre assiette\u00a0\u00bb organis\u00e9e par le CDH 26-07<\/strong><\/li>\n<\/ul>\n<p><a href=\"http:\/\/faucon-folk.fr\/wp-content\/uploads\/2015\/08\/fauconfolk56.jpg\"><img loading=\"lazy\" class=\"aligncenter wp-image-590\" src=\"http:\/\/faucon-folk.fr\/wp-content\/uploads\/2015\/08\/fauconfolk56.jpg\" alt=\"fauconfolk56\" width=\"650\" height=\"233\" srcset=\"https:\/\/faucon-folk.fr\/wp-content\/uploads\/2015\/08\/fauconfolk56.jpg 900w, https:\/\/faucon-folk.fr\/wp-content\/uploads\/2015\/08\/fauconfolk56-300x108.jpg 300w, https:\/\/faucon-folk.fr\/wp-content\/uploads\/2015\/08\/fauconfolk56-720x258.jpg 720w\" sizes=\"(max-width: 650px) 100vw, 650px\" \/><\/a><\/p>\n<ul>\n<li>22 avril \u00e0 Saint Laurent en Royans : <strong>journ\u00e9e Nature &amp; Bien \u00catre du sou des \u00e9coles<\/strong><\/li>\n<li>17 mars \u00e0 Romans sur Is\u00e8re : <strong>bal pour l&rsquo;association Planet&rsquo;aiire<\/strong><\/li>\n<li>11 mars \u00e0 Cours et Buis \u00e0 14h30 :<strong> bal partag\u00e9 avec les Chaussettes Raides<\/strong><\/li>\n<li>3 mars \u00e0 Saint Jean en Royans \u00e0 20h30 : <strong>Grand bal folk du printemps en compagnie de l&rsquo;Orchestre du Royans en premi\u00e8re partie<br \/><\/strong><\/li>\n<\/ul>\n<p><a href=\"http:\/\/faucon-folk.fr\/wp-content\/uploads\/2015\/08\/fauconfolk54.jpg\"><img loading=\"lazy\" class=\"aligncenter wp-image-586\" src=\"http:\/\/faucon-folk.fr\/wp-content\/uploads\/2015\/08\/fauconfolk54.jpg\" alt=\"fauconfolk54\" width=\"650\" height=\"398\" srcset=\"https:\/\/faucon-folk.fr\/wp-content\/uploads\/2015\/08\/fauconfolk54.jpg 1000w, https:\/\/faucon-folk.fr\/wp-content\/uploads\/2015\/08\/fauconfolk54-300x184.jpg 300w, https:\/\/faucon-folk.fr\/wp-content\/uploads\/2015\/08\/fauconfolk54-720x441.jpg 720w\" sizes=\"(max-width: 650px) 100vw, 650px\" \/><\/a> <a href=\"http:\/\/faucon-folk.fr\/wp-content\/uploads\/2015\/08\/fauconfolk55.jpg\"><img loading=\"lazy\" class=\"aligncenter wp-image-587\" src=\"http:\/\/faucon-folk.fr\/wp-content\/uploads\/2015\/08\/fauconfolk55.jpg\" alt=\"fauconfolk55\" width=\"650\" height=\"302\" srcset=\"https:\/\/faucon-folk.fr\/wp-content\/uploads\/2015\/08\/fauconfolk55.jpg 1000w, https:\/\/faucon-folk.fr\/wp-content\/uploads\/2015\/08\/fauconfolk55-300x140.jpg 300w, https:\/\/faucon-folk.fr\/wp-content\/uploads\/2015\/08\/fauconfolk55-720x335.jpg 720w\" sizes=\"(max-width: 650px) 100vw, 650px\" \/><\/a><\/p>\n<ul>\n<li>27 f\u00e9vrier \u00e0 \u00e0 Romans sur Is\u00e8re (\u00e0 partir de 20h30 \u00e0 la MJC Robert Martin) : <strong>bal pour les Ateliers de Claire et Dominique<\/strong><\/li>\n<li>3 f\u00e9vrier \u00e0 Pont en Royans : <strong>bal priv\u00e9 pour la chorale Bella Ciao<\/strong><\/li>\n<\/ul>\n<p><\/p><\/div><\/div>\n<h1><div class=\"well well-sm\">2017<\/div><\/h1>\n<div class=\"row\"><div class=\"col-xs-6\">\n<ul>\n<li>1 d\u00e9cembre \u00e0 Voreppe : <strong>bal en deuxi\u00e8me partie de Mordicus<\/strong><\/li>\n<li>14 octobre \u00e0 Saint Jean en Royans (salle des f\u00eates \u00e0 partir de 18h00) :<strong> bal pour l&rsquo;association AIR<\/strong> (Accueil Interculturel en Royans)<\/li>\n<\/ul>\n<p><a href=\"http:\/\/faucon-folk.fr\/wp-content\/uploads\/2015\/08\/fauconfolk53.jpg\"><img loading=\"lazy\" class=\"wp-image-521 aligncenter\" src=\"http:\/\/faucon-folk.fr\/wp-content\/uploads\/2015\/08\/fauconfolk53.jpg\" alt=\"fauconfolk53\" width=\"400\" height=\"239\" srcset=\"https:\/\/faucon-folk.fr\/wp-content\/uploads\/2015\/08\/fauconfolk53.jpg 1000w, https:\/\/faucon-folk.fr\/wp-content\/uploads\/2015\/08\/fauconfolk53-300x179.jpg 300w, https:\/\/faucon-folk.fr\/wp-content\/uploads\/2015\/08\/fauconfolk53-720x431.jpg 720w\" sizes=\"(max-width: 400px) 100vw, 400px\" \/><\/a><\/p>\n<ul>\n<li>7 octobre \u00e0 la Chapelle en Vercors : <strong>bal pour la caisse des \u00e9coles de Vassieux<\/strong><\/li>\n<li>9 septembre \u00e0 la Chapelle en Vercors : <strong>animation au forum des associations du Royans-Vercors<\/strong><\/li>\n<li>2 septembre \u00e0 Vassieux : <strong>bal priv\u00e9 pour anniversaire<\/strong><\/li>\n<li>14 ao\u00fbt \u00e0 Saint Jean en Royans : <strong>sonorisation d&rsquo;un groupe et bal pour l&rsquo;altertour \u00e0 la ferme des Roussets<\/strong><\/li>\n<li>8 ao\u00fbt \u00e0 la Chapelle en Vercors : <strong>bal pour le camping des \u00ab\u00a0Myrtilles\u00a0\u00bb<\/strong> avec l&rsquo;aimable participation de Jacqueline H., Caroline et Christophe<strong><br \/><\/strong><\/li>\n<li>30 juillet \u00e0 Saint Christophe et le Laris : <strong>bal pour la f\u00eate du village<\/strong><\/li>\n<\/ul>\n<p><a href=\"http:\/\/faucon-folk.fr\/wp-content\/uploads\/2015\/08\/fauconfolk52.jpg\"><img loading=\"lazy\" class=\"alignleft wp-image-520\" src=\"http:\/\/faucon-folk.fr\/wp-content\/uploads\/2015\/08\/fauconfolk52-150x150.jpg\" alt=\"fauconfolk52\" width=\"270\" height=\"203\" srcset=\"https:\/\/faucon-folk.fr\/wp-content\/uploads\/2015\/08\/fauconfolk52-300x225.jpg 300w, https:\/\/faucon-folk.fr\/wp-content\/uploads\/2015\/08\/fauconfolk52-720x540.jpg 720w, https:\/\/faucon-folk.fr\/wp-content\/uploads\/2015\/08\/fauconfolk52.jpg 1000w\" sizes=\"(max-width: 270px) 100vw, 270px\" \/><\/a><a href=\"http:\/\/faucon-folk.fr\/wp-content\/uploads\/2015\/08\/fauconfolk51.jpg\"><img loading=\"lazy\" class=\"wp-image-519 alignnone\" src=\"http:\/\/faucon-folk.fr\/wp-content\/uploads\/2015\/08\/fauconfolk51-150x150.jpg\" alt=\"fauconfolk51\" width=\"270\" height=\"203\" srcset=\"https:\/\/faucon-folk.fr\/wp-content\/uploads\/2015\/08\/fauconfolk51-300x225.jpg 300w, https:\/\/faucon-folk.fr\/wp-content\/uploads\/2015\/08\/fauconfolk51-720x540.jpg 720w, https:\/\/faucon-folk.fr\/wp-content\/uploads\/2015\/08\/fauconfolk51.jpg 1000w\" sizes=\"(max-width: 270px) 100vw, 270px\" \/><\/a><\/p>\n<p>\u00a0<\/p>\n<ul>\n<li>24 juin \u00e0 Saint Jean en Royans : <strong>bal pour les feux de la Saint Jean au Sert <\/strong>(\u00e0 21h00)<\/li>\n<li>17 juin \u00e0 Montauban sur Ouv\u00e8ze : <strong>bal pour la f\u00eate du village<\/strong><\/li>\n<li>25 mai \u00e0 Saint Vincent la Commanderie : bal priv\u00e9 d&rsquo;anniversaire \u00e0 la demande de Christine<\/li>\n<li>20 mai \u00e0 Saint Agnan : <strong>bal priv\u00e9 pour Marie-Do<\/strong><\/li>\n<li>18 mars \u00e0 Saint Jean en Royans : <strong>Grand bal folk du printemps avec <\/strong><strong>LES CHAUSSETTES RAIDES en premi\u00e8re partie.<\/strong><\/li>\n<\/ul>\n<p><a href=\"http:\/\/faucon-folk.fr\/wp-content\/uploads\/2015\/08\/fauconfolk49.jpg\"><img loading=\"lazy\" class=\"alignleft wp-image-506\" src=\"http:\/\/faucon-folk.fr\/wp-content\/uploads\/2015\/08\/fauconfolk49.jpg\" alt=\"fauconfolk49\" width=\"400\" height=\"300\" srcset=\"https:\/\/faucon-folk.fr\/wp-content\/uploads\/2015\/08\/fauconfolk49.jpg 1000w, https:\/\/faucon-folk.fr\/wp-content\/uploads\/2015\/08\/fauconfolk49-300x225.jpg 300w, https:\/\/faucon-folk.fr\/wp-content\/uploads\/2015\/08\/fauconfolk49-720x540.jpg 720w\" sizes=\"(max-width: 400px) 100vw, 400px\" \/><\/a><\/p>\n<p><a href=\"http:\/\/faucon-folk.fr\/wp-content\/uploads\/2015\/08\/fauconfolk50.jpg\"><img loading=\"lazy\" class=\"alignright wp-image-507\" src=\"http:\/\/faucon-folk.fr\/wp-content\/uploads\/2015\/08\/fauconfolk50.jpg\" alt=\"fauconfolk50\" width=\"400\" height=\"318\" srcset=\"https:\/\/faucon-folk.fr\/wp-content\/uploads\/2015\/08\/fauconfolk50.jpg 1000w, https:\/\/faucon-folk.fr\/wp-content\/uploads\/2015\/08\/fauconfolk50-300x239.jpg 300w, https:\/\/faucon-folk.fr\/wp-content\/uploads\/2015\/08\/fauconfolk50-720x573.jpg 720w\" sizes=\"(max-width: 400px) 100vw, 400px\" \/><\/a><\/p>\n<p><\/p><\/div><div class=\"col-xs-6\">\n<ul>\n<li>17 f\u00e9vrier \u00e0 Saint Jean en Royans : <strong>bal pour les \u00e9l\u00e8ves de l&rsquo;\u00e9cole Pasteur<\/strong><\/li>\n<\/ul>\n<p><a href=\"http:\/\/faucon-folk.fr\/wp-content\/uploads\/2015\/08\/fauconfolk41.jpg\"><img loading=\"lazy\" class=\"wp-image-451 alignleft\" src=\"http:\/\/faucon-folk.fr\/wp-content\/uploads\/2015\/08\/fauconfolk41.jpg\" alt=\"fauconfolk41\" width=\"650\" height=\"400\" srcset=\"https:\/\/faucon-folk.fr\/wp-content\/uploads\/2015\/08\/fauconfolk41.jpg 900w, https:\/\/faucon-folk.fr\/wp-content\/uploads\/2015\/08\/fauconfolk41-300x185.jpg 300w, https:\/\/faucon-folk.fr\/wp-content\/uploads\/2015\/08\/fauconfolk41-720x443.jpg 720w\" sizes=\"(max-width: 650px) 100vw, 650px\" \/><\/a><\/p>\n<p>La danse de l&rsquo;ours (du Vercors)<\/p>\n<p><a href=\"http:\/\/faucon-folk.fr\/wp-content\/uploads\/2015\/08\/fauconfolk42.jpg\"><img loading=\"lazy\" class=\"wp-image-487 alignnone\" src=\"http:\/\/faucon-folk.fr\/wp-content\/uploads\/2015\/08\/fauconfolk42-300x252.jpg\" alt=\"fauconfolk42\" width=\"400\" height=\"336\" srcset=\"https:\/\/faucon-folk.fr\/wp-content\/uploads\/2015\/08\/fauconfolk42-300x252.jpg 300w, https:\/\/faucon-folk.fr\/wp-content\/uploads\/2015\/08\/fauconfolk42-720x604.jpg 720w, https:\/\/faucon-folk.fr\/wp-content\/uploads\/2015\/08\/fauconfolk42.jpg 900w\" sizes=\"(max-width: 400px) 100vw, 400px\" \/><\/a><\/p>\n<ul>\n<li>31 janvier \u00e0 Romans sur Is\u00e8re : <strong>bal pour les Ateliers de Claire et Dominique<\/strong>, \u00e0 partir de 20h30 \u00e0 la MJC Robert Martin<\/li>\n<li>29 janvier \u00e0 G\u00e9nissieux : <strong>bal pour la journ\u00e9e mondiale du migrant et du r\u00e9fugi\u00e9<\/strong><\/li>\n<\/ul>\n<p><a href=\"http:\/\/faucon-folk.fr\/wp-content\/uploads\/2015\/08\/fauconfolk40.jpg\"><img loading=\"lazy\" class=\"wp-image-440 aligncenter\" src=\"http:\/\/faucon-folk.fr\/wp-content\/uploads\/2015\/08\/fauconfolk40-216x300.jpg\" alt=\"fauconfolk40\" width=\"100\" height=\"153\" \/><\/a><\/p>\n<p><\/p><\/div><\/div>\n<h1><div class=\"well well-sm\">2016<\/div><\/h1>\n<div class=\"row\"><div class=\"col-xs-6\">\n<ul>\n<li>23 novembre au g\u00eete des \u00c9couges : <strong>bal priv\u00e9 pour les animateurs nature de <a href=\"https:\/\/www.lpo.fr\/\" target=\"_blank\" rel=\"noopener\">LPO<\/a> France<\/strong><\/li>\n<li>19 novembre au Couvent des Carmes \u00e0 Beauvoir en Royans : <strong>bal priv\u00e9 pour un stage de chant<\/strong><\/li>\n<li>12 novembre \u00e0 Auberives en Royans :<strong> bal priv\u00e9 pour l&rsquo;anniversaire de Laurine<\/strong><\/li>\n<li>8 octobre \u00e0 Voreppe de 14h00 \u00e0 17h30 : <strong>bal pour l&rsquo;association \u00ab\u00a0<a href=\"http:\/\/latelierdespossibles.com\/\" target=\"_blank\" rel=\"noopener\">l&rsquo;atelier des Possibles<\/a>\u00ab\u00a0<\/strong><\/li>\n<li>2 octobre \u00e0 La Chapelle en Vercors \u00e0 12h00 : <strong>bal pour \u00ab\u00a0<a href=\"http:\/\/static.sitra-tourisme.com\/filestore\/objets-touristiques\/documents\/147\/42\/1780371.pdf\" target=\"_blank\" rel=\"noopener\">la Belle Rousse<\/a>\u00a0\u00bb organis\u00e9 par la communaut\u00e9 de communes du Vercors<\/strong><\/li>\n<\/ul>\n<p><a href=\"http:\/\/faucon-folk.fr\/wp-content\/uploads\/2015\/08\/fauconfolk39.jpg\"><img loading=\"lazy\" class=\"aligncenter wp-image-429\" src=\"http:\/\/faucon-folk.fr\/wp-content\/uploads\/2015\/08\/fauconfolk39-300x158.jpg\" alt=\"fauconfolk39\" width=\"650\" height=\"342\" srcset=\"https:\/\/faucon-folk.fr\/wp-content\/uploads\/2015\/08\/fauconfolk39-300x158.jpg 300w, https:\/\/faucon-folk.fr\/wp-content\/uploads\/2015\/08\/fauconfolk39-720x379.jpg 720w, https:\/\/faucon-folk.fr\/wp-content\/uploads\/2015\/08\/fauconfolk39.jpg 857w\" sizes=\"(max-width: 650px) 100vw, 650px\" \/><\/a><\/p>\n<ul>\n<li>24 septembre \u00e0 Vassieux : <strong>bal pour la caisse des \u00e9coles de Vassieux<\/strong><\/li>\n<li>22 septembre \u00e0 G\u00e9nissieux : <strong>bal pour la maison de retraite de G\u00e9nissieux<\/strong><\/li>\n<li>3 septembre \u00e0 Albenc : <strong>bal dans le cadre du <a href=\"http:\/\/www.enisere.asso.fr\/?pageID=3\" target=\"_blank\" rel=\"noopener\">festival \u00ab\u00a0l&rsquo;avenir au naturel\u00a0\u00bb<\/a><\/strong><\/li>\n<li>3 septembre : <strong>bal priv\u00e9 pour Carol<\/strong><\/li>\n<li>11 ao\u00fbt \u00e0 la Chapelle en Vercors : <strong>bal pour le camping des \u00ab\u00a0Myrtilles\u00a0\u00bb<\/strong><\/li>\n<li>31 juillet \u00e0 Saint Christophe et Le Laris : <strong>bal pour la f\u00eate du village <a href=\"http:\/\/faucon-folk.fr\/wp-content\/uploads\/2015\/08\/fauconfolk37.jpg\"><img loading=\"lazy\" class=\"wp-image-380 alignnone\" src=\"http:\/\/faucon-folk.fr\/wp-content\/uploads\/2015\/08\/fauconfolk37-300x200.jpg\" alt=\"fauconfolk37\" width=\"400\" height=\"267\" srcset=\"https:\/\/faucon-folk.fr\/wp-content\/uploads\/2015\/08\/fauconfolk37-300x200.jpg 300w, https:\/\/faucon-folk.fr\/wp-content\/uploads\/2015\/08\/fauconfolk37-720x480.jpg 720w, https:\/\/faucon-folk.fr\/wp-content\/uploads\/2015\/08\/fauconfolk37-286x192.jpg 286w, https:\/\/faucon-folk.fr\/wp-content\/uploads\/2015\/08\/fauconfolk37.jpg 900w\" sizes=\"(max-width: 400px) 100vw, 400px\" \/><\/a><\/strong><\/li>\n<\/ul>\n<p>Bal remplac\u00e9 in extremis par un concert dans l&rsquo;\u00e9glise \u00e0 cause d&rsquo;un orage !<\/p>\n<ul>\n<li>21 juin \u00e0 La Chapelle-en-Vercors : <strong>f\u00eate de la musique \u00e0 l&rsquo;H\u00f4tel Bellier<\/strong><\/li>\n<\/ul>\n<p><a href=\"http:\/\/faucon-folk.fr\/wp-content\/uploads\/2015\/08\/fauconfolk35.jpg\"><img loading=\"lazy\" class=\"wp-image-375 aligncenter\" src=\"http:\/\/faucon-folk.fr\/wp-content\/uploads\/2015\/08\/fauconfolk35.jpg\" alt=\"fauconfolk35\" width=\"650\" height=\"285\" srcset=\"https:\/\/faucon-folk.fr\/wp-content\/uploads\/2015\/08\/fauconfolk35.jpg 900w, https:\/\/faucon-folk.fr\/wp-content\/uploads\/2015\/08\/fauconfolk35-300x132.jpg 300w, https:\/\/faucon-folk.fr\/wp-content\/uploads\/2015\/08\/fauconfolk35-720x316.jpg 720w\" sizes=\"(max-width: 650px) 100vw, 650px\" \/><\/a><\/p>\n<ul>\n<li>11 juin \u00e0 Saint Agnan : <strong>bal pour \u00ab\u00a0mille traces\u00a0\u00bb, lors de la soir\u00e9e rencontre des journalistes environnementalistes de France<\/strong><\/li>\n<li>29 mai dans le Royans : <strong>bal pour le pique nique en l&rsquo;honneur de nos amis albanais<\/strong><\/li>\n<li>21 mai \u00e0 Mont\u00e9lier : <strong>bal pour la f\u00eate des <a href=\"http:\/\/www.criirad.org\/30ans\/fete.html\" target=\"_blank\" rel=\"noopener\">30 ans de la CRIIRAD<\/a><\/strong><\/li>\n<\/ul>\n<p><a href=\"http:\/\/faucon-folk.fr\/wp-content\/uploads\/2015\/08\/fauconfolk34.jpg\"><img loading=\"lazy\" class=\"aligncenter wp-image-368\" src=\"http:\/\/faucon-folk.fr\/wp-content\/uploads\/2015\/08\/fauconfolk34-300x206.jpg\" alt=\"fauconfolk34\" width=\"400\" height=\"275\" srcset=\"https:\/\/faucon-folk.fr\/wp-content\/uploads\/2015\/08\/fauconfolk34-300x206.jpg 300w, https:\/\/faucon-folk.fr\/wp-content\/uploads\/2015\/08\/fauconfolk34.jpg 595w\" sizes=\"(max-width: 400px) 100vw, 400px\" \/><\/a><\/p>\n<ul>\n<li>14 mai \u00e0 Montmiral : <strong>bal priv\u00e9 pour le mariage d&rsquo;Andr\u00e9e et G\u00e9rard<\/strong><\/li>\n<li>6 mai \u00e0 Chatte : <strong>bal pour pour la nocturne des <a href=\"http:\/\/esatplantau.sud-gresivaudan.org\/\" target=\"_blank\" rel=\"noopener\">ateliers du Plantau<\/a><\/strong><\/li>\n<li>2 mai \u00e0 Saint Agnan : <strong>musique pour le march\u00e9 des producteurs de Saint Agnan<\/strong><\/li>\n<\/ul>\n<p><a href=\"http:\/\/faucon-folk.fr\/wp-content\/uploads\/2015\/08\/fauconfolk33.jpg\"><img loading=\"lazy\" class=\"wp-image-367 aligncenter\" src=\"http:\/\/faucon-folk.fr\/wp-content\/uploads\/2015\/08\/fauconfolk33-300x225.jpg\" alt=\"fauconfolk33\" width=\"400\" height=\"300\" srcset=\"https:\/\/faucon-folk.fr\/wp-content\/uploads\/2015\/08\/fauconfolk33-300x225.jpg 300w, https:\/\/faucon-folk.fr\/wp-content\/uploads\/2015\/08\/fauconfolk33-720x540.jpg 720w, https:\/\/faucon-folk.fr\/wp-content\/uploads\/2015\/08\/fauconfolk33.jpg 1000w\" sizes=\"(max-width: 400px) 100vw, 400px\" \/><\/a><\/p>\n<p><\/p><\/div><div class=\"col-xs-6\">\n<ul>\n<li>10 avril \u00e0 G\u00e9nissieux dans l&rsquo;apr\u00e8s midi : <strong>bal priv\u00e9, r\u00e9serv\u00e9 aux r\u00e9sidents, pour l&rsquo;ADAPEI du Foyer d&rsquo;h\u00e9bergement \u00ab\u00a0les Fontaines\u00a0\u00bb<\/strong><\/li>\n<li>9 avril \u00e0 Saint Marcellin : <strong>bal pour la f\u00eate du Saint Marcellin<\/strong>. Devant la mairie, 17h30.<\/li>\n<li><strong>26 mars \u00e0 Saint Jean en Royans : Grand bal folk du printemps<\/strong><\/li>\n<\/ul>\n<p><a href=\"http:\/\/faucon-folk.fr\/wp-content\/uploads\/2015\/08\/fauconfolk38.jpg\"><img loading=\"lazy\" class=\"aligncenter wp-image-404\" src=\"http:\/\/faucon-folk.fr\/wp-content\/uploads\/2015\/08\/fauconfolk38.jpg\" alt=\"fauconfolk38\" width=\"650\" height=\"438\" srcset=\"https:\/\/faucon-folk.fr\/wp-content\/uploads\/2015\/08\/fauconfolk38.jpg 800w, https:\/\/faucon-folk.fr\/wp-content\/uploads\/2015\/08\/fauconfolk38-300x202.jpg 300w, https:\/\/faucon-folk.fr\/wp-content\/uploads\/2015\/08\/fauconfolk38-720x485.jpg 720w, https:\/\/faucon-folk.fr\/wp-content\/uploads\/2015\/08\/fauconfolk38-286x192.jpg 286w\" sizes=\"(max-width: 650px) 100vw, 650px\" \/><\/a><\/p>\n<ul>\n<li>20 f\u00e9vrier \u00e0 Pont en Royans : <strong>interm\u00e8de \u00e0 la deuxi\u00e8me \u00e9dition de la nuit du folk du Royans<\/strong><\/li>\n<\/ul>\n<p><a href=\"http:\/\/faucon-folk.fr\/wp-content\/uploads\/2015\/08\/fauconfolk31.jpg\"><img loading=\"lazy\" class=\"aligncenter wp-image-340\" src=\"http:\/\/faucon-folk.fr\/wp-content\/uploads\/2015\/08\/fauconfolk31.jpg\" alt=\"fauconfolk31\" width=\"650\" height=\"359\" srcset=\"https:\/\/faucon-folk.fr\/wp-content\/uploads\/2015\/08\/fauconfolk31.jpg 900w, https:\/\/faucon-folk.fr\/wp-content\/uploads\/2015\/08\/fauconfolk31-300x166.jpg 300w, https:\/\/faucon-folk.fr\/wp-content\/uploads\/2015\/08\/fauconfolk31-720x398.jpg 720w\" sizes=\"(max-width: 650px) 100vw, 650px\" \/><\/a><\/p>\n<p><strong><a href=\"http:\/\/faucon-folk.fr\/wp-content\/uploads\/2015\/08\/nuit_folk_2016_1.jpg\"><img loading=\"lazy\" class=\"aligncenter wp-image-324\" src=\"http:\/\/faucon-folk.fr\/wp-content\/uploads\/2015\/08\/nuit_folk_2016_1.jpg\" alt=\"nuit_folk_2016_1\" width=\"400\" height=\"193\" srcset=\"https:\/\/faucon-folk.fr\/wp-content\/uploads\/2015\/08\/nuit_folk_2016_1.jpg 600w, https:\/\/faucon-folk.fr\/wp-content\/uploads\/2015\/08\/nuit_folk_2016_1-300x145.jpg 300w, https:\/\/faucon-folk.fr\/wp-content\/uploads\/2015\/08\/nuit_folk_2016_1-595x289.jpg 595w\" sizes=\"(max-width: 400px) 100vw, 400px\" \/><\/a><\/strong>Toutes les informations de ce grand moment du folk dans le Royans sont <a href=\"http:\/\/nuitdufolkduroyans.free.fr\/\" target=\"_blank\" rel=\"noopener\">ICI<\/a><\/p>\n<ul>\n<li>12 f\u00e9vrier \u00e0 Dom\u00e8ne (38) : <strong>bal en compagnie de nos amis de l&rsquo;atelier 163<\/strong><\/li>\n<li>16 janvier \u00e0 Saint Jean en Royans : <strong>bal pour la soir\u00e9e de soutien \u00e0 nos amis albanais menac\u00e9s d&rsquo;expulsion<br \/><\/strong><\/li>\n<li>16 janvier \u00e0 Lyon : <strong>musique \u00e0 la manifestation de soutien au loup<\/strong><\/li>\n<\/ul>\n<p><a href=\"http:\/\/faucon-folk.fr\/wp-content\/uploads\/2016\/01\/fauconfolk30.jpg\"><img loading=\"lazy\" class=\"aligncenter wp-image-308\" src=\"http:\/\/faucon-folk.fr\/wp-content\/uploads\/2016\/01\/fauconfolk30-300x225.jpg\" alt=\"KONICA MINOLTA DIGITAL CAMERA\" width=\"400\" height=\"300\" srcset=\"https:\/\/faucon-folk.fr\/wp-content\/uploads\/2016\/01\/fauconfolk30-300x225.jpg 300w, https:\/\/faucon-folk.fr\/wp-content\/uploads\/2016\/01\/fauconfolk30-720x540.jpg 720w, https:\/\/faucon-folk.fr\/wp-content\/uploads\/2016\/01\/fauconfolk30.jpg 800w\" sizes=\"(max-width: 400px) 100vw, 400px\" \/><\/a><\/p><\/div><\/div>\n<hr \/>\n<div class=\"row\"><div class=\"col-xs-2\"><a href=\"http:\/\/faucon-folk.fr\/wp-content\/uploads\/2015\/08\/DSC00572_redim.jpg\"><img loading=\"lazy\" class=\"alignnone wp-image-406\" src=\"http:\/\/faucon-folk.fr\/wp-content\/uploads\/2015\/08\/DSC00572_redim-225x300.jpg\" alt=\"dsc00572_redim\" width=\"250\" height=\"333\" srcset=\"https:\/\/faucon-folk.fr\/wp-content\/uploads\/2015\/08\/DSC00572_redim-225x300.jpg 225w, https:\/\/faucon-folk.fr\/wp-content\/uploads\/2015\/08\/DSC00572_redim.jpg 675w\" sizes=\"(max-width: 250px) 100vw, 250px\" \/><\/a><\/div><div class=\"col-xs-2\"><a href=\"http:\/\/faucon-folk.fr\/wp-content\/uploads\/2015\/08\/DSC00590_redim.jpg\"><img loading=\"lazy\" class=\"alignnone wp-image-418\" src=\"http:\/\/faucon-folk.fr\/wp-content\/uploads\/2015\/08\/DSC00590_redim-225x300.jpg\" alt=\"dsc00590_redim\" width=\"250\" height=\"333\" srcset=\"https:\/\/faucon-folk.fr\/wp-content\/uploads\/2015\/08\/DSC00590_redim-225x300.jpg 225w, https:\/\/faucon-folk.fr\/wp-content\/uploads\/2015\/08\/DSC00590_redim.jpg 675w\" sizes=\"(max-width: 250px) 100vw, 250px\" \/><\/a><\/div><div class=\"col-xs-2\">\n<p><div class=\"well well-sm\">photographies prises lors du bal folk du printemps<\/div><\/p>\n<p><\/p><\/div><div class=\"col-xs-2\"><a href=\"http:\/\/faucon-folk.fr\/wp-content\/uploads\/2015\/08\/DSC00579_redim.jpg\"><img loading=\"lazy\" class=\"alignnone wp-image-397\" src=\"http:\/\/faucon-folk.fr\/wp-content\/uploads\/2015\/08\/DSC00579_redim-225x300.jpg\" alt=\"dsc00579_redim\" width=\"250\" height=\"333\" srcset=\"https:\/\/faucon-folk.fr\/wp-content\/uploads\/2015\/08\/DSC00579_redim-225x300.jpg 225w, https:\/\/faucon-folk.fr\/wp-content\/uploads\/2015\/08\/DSC00579_redim.jpg 675w\" sizes=\"(max-width: 250px) 100vw, 250px\" \/><\/a><\/div><div class=\"col-xs-2\"><a href=\"http:\/\/faucon-folk.fr\/wp-content\/uploads\/2015\/08\/DSC00583_redim.jpg\"><img loading=\"lazy\" class=\"alignnone wp-image-398\" src=\"http:\/\/faucon-folk.fr\/wp-content\/uploads\/2015\/08\/DSC00583_redim-225x300.jpg\" alt=\"dsc00583_redim\" width=\"250\" height=\"333\" srcset=\"https:\/\/faucon-folk.fr\/wp-content\/uploads\/2015\/08\/DSC00583_redim-225x300.jpg 225w, https:\/\/faucon-folk.fr\/wp-content\/uploads\/2015\/08\/DSC00583_redim.jpg 675w\" sizes=\"(max-width: 250px) 100vw, 250px\" \/><\/a><\/div><div class=\"col-xs-2\"><a href=\"http:\/\/faucon-folk.fr\/wp-content\/uploads\/2015\/08\/DSC00622_redim.jpg\"><img loading=\"lazy\" class=\"alignnone wp-image-401\" src=\"http:\/\/faucon-folk.fr\/wp-content\/uploads\/2015\/08\/DSC00622_redim-225x300.jpg\" alt=\"dsc00622_redim\" width=\"250\" height=\"333\" srcset=\"https:\/\/faucon-folk.fr\/wp-content\/uploads\/2015\/08\/DSC00622_redim-225x300.jpg 225w, https:\/\/faucon-folk.fr\/wp-content\/uploads\/2015\/08\/DSC00622_redim.jpg 675w\" sizes=\"(max-width: 250px) 100vw, 250px\" \/><\/a><\/div><\/div>\n<div class=\"row\">\n<p><div class=\"col-xs-2\"><a href=\"http:\/\/faucon-folk.fr\/wp-content\/uploads\/2015\/08\/DSC00592_redim.jpg\"><img loading=\"lazy\" class=\"alignnone wp-image-400\" src=\"http:\/\/faucon-folk.fr\/wp-content\/uploads\/2015\/08\/DSC00592_redim-225x300.jpg\" alt=\"dsc00592_redim\" width=\"250\" height=\"333\" srcset=\"https:\/\/faucon-folk.fr\/wp-content\/uploads\/2015\/08\/DSC00592_redim-225x300.jpg 225w, https:\/\/faucon-folk.fr\/wp-content\/uploads\/2015\/08\/DSC00592_redim.jpg 675w\" sizes=\"(max-width: 250px) 100vw, 250px\" \/><\/a><\/div><div class=\"col-xs-3\"><a href=\"http:\/\/faucon-folk.fr\/wp-content\/uploads\/2015\/08\/DSC00660_redim.jpg\"><img loading=\"lazy\" class=\"alignnone wp-image-403\" src=\"http:\/\/faucon-folk.fr\/wp-content\/uploads\/2015\/08\/DSC00660_redim-300x225.jpg\" alt=\"dsc00660_redim\" width=\"350\" height=\"263\" srcset=\"https:\/\/faucon-folk.fr\/wp-content\/uploads\/2015\/08\/DSC00660_redim-300x225.jpg 300w, https:\/\/faucon-folk.fr\/wp-content\/uploads\/2015\/08\/DSC00660_redim-720x540.jpg 720w, https:\/\/faucon-folk.fr\/wp-content\/uploads\/2015\/08\/DSC00660_redim.jpg 900w\" sizes=\"(max-width: 350px) 100vw, 350px\" \/><\/a><\/div><div class=\"col-xs-3\"><a href=\"http:\/\/faucon-folk.fr\/wp-content\/uploads\/2015\/08\/DSC00656_redim.jpg\"><img loading=\"lazy\" class=\"alignnone wp-image-402\" src=\"http:\/\/faucon-folk.fr\/wp-content\/uploads\/2015\/08\/DSC00656_redim-300x225.jpg\" alt=\"dsc00656_redim\" width=\"350\" height=\"263\" srcset=\"https:\/\/faucon-folk.fr\/wp-content\/uploads\/2015\/08\/DSC00656_redim-300x225.jpg 300w, https:\/\/faucon-folk.fr\/wp-content\/uploads\/2015\/08\/DSC00656_redim-720x540.jpg 720w, https:\/\/faucon-folk.fr\/wp-content\/uploads\/2015\/08\/DSC00656_redim.jpg 900w\" sizes=\"(max-width: 350px) 100vw, 350px\" \/><\/a><\/div><\/p>\n<p><div class=\"col-xs-2\">\n<p><div class=\"well well-sm\">\u00e0 Saint Jean en Royans le 26 mars<\/div><\/p>\n<p><\/p><\/div><div class=\"col-xs-2\"><a href=\"http:\/\/faucon-folk.fr\/wp-content\/uploads\/2015\/08\/DSC00576_redim.jpg\"><img loading=\"lazy\" class=\"alignnone wp-image-396\" src=\"http:\/\/faucon-folk.fr\/wp-content\/uploads\/2015\/08\/DSC00576_redim-225x300.jpg\" alt=\"dsc00576_redim\" width=\"250\" height=\"333\" srcset=\"https:\/\/faucon-folk.fr\/wp-content\/uploads\/2015\/08\/DSC00576_redim-225x300.jpg 225w, https:\/\/faucon-folk.fr\/wp-content\/uploads\/2015\/08\/DSC00576_redim.jpg 675w\" sizes=\"(max-width: 250px) 100vw, 250px\" \/><\/a><\/div><\/p><\/div>\n<h1><div class=\"well well-sm\">2015<\/div><\/h1>\n<div class=\"row\"><div class=\"col-xs-6\">\n<ul>\n<li>29 novembre \u00e0 Grenoble : <strong>participation \u00e0 la marche pour le climat<\/strong><\/li>\n<\/ul>\n<p><div style=\"width: 320px;\" class=\"wp-video\"><!--[if lt IE 9]><script>document.createElement('video');<\/script><![endif]-->\n<video class=\"wp-video-shortcode\" id=\"video-90-1\" width=\"320\" height=\"240\" preload=\"metadata\" controls=\"controls\"><source type=\"video\/x-flv\" src=\"http:\/\/faucon-folk.fr\/wp-content\/uploads\/2015\/12\/MOV_0430.flv?_=1\" \/><a href=\"http:\/\/faucon-folk.fr\/wp-content\/uploads\/2015\/12\/MOV_0430.flv\">http:\/\/faucon-folk.fr\/wp-content\/uploads\/2015\/12\/MOV_0430.flv<\/a><\/video><\/div><\/p>\n<ul>\n<li>21 novembre \u00e0 Rochechinard : <strong>bal priv\u00e9 pour l&rsquo;anniversaire des 60 ans et demi de L\u00e9on<\/strong><\/li>\n<li>3 octobre \u00e0 Saint Etienne de Crossey : <strong>bal priv\u00e9 pour l&rsquo;anniversaire d&rsquo;Elsa<\/strong><\/li>\n<li>25 ao\u00fbt \u00e0 Saint Martin en Vercors : <strong>bal pour le mariage de Aur\u00e9lie et Julien<br \/><\/strong><\/li>\n<li>24 juillet \u00e0 Albi : <strong>bal priv\u00e9 pour le mariage de Marielle et Fabien<br \/><\/strong><\/li>\n<li>16 juillet \u00e0 la Chapelle en Vercors : <strong>bal pour le camping des \u00ab\u00a0Myrtilles\u00a0\u00bb<\/strong><\/li>\n<li>4 juiller \u00e0 Mours : <strong>bal priv\u00e9 pour les anniversaires de Val\u00e9rie et Yohan<\/strong><\/li>\n<li>4 juillet \u00e0 G\u00e9nissieux : <strong>bal pour <a href=\"http:\/\/lefestivaldelafemmeabarbe.com\/\" target=\"_blank\" rel=\"noopener\">le festival de la femme \u00e0 barbe<\/a><\/strong><\/li>\n<\/ul>\n<p><a href=\"http:\/\/faucon-folk.fr\/wp-content\/uploads\/2015\/09\/fauconfolk29.jpg\"><img loading=\"lazy\" class=\"alignnone wp-image-189\" src=\"http:\/\/faucon-folk.fr\/wp-content\/uploads\/2015\/09\/fauconfolk29.jpg\" alt=\"fauconfolk29\" width=\"650\" height=\"433\" srcset=\"https:\/\/faucon-folk.fr\/wp-content\/uploads\/2015\/09\/fauconfolk29.jpg 900w, https:\/\/faucon-folk.fr\/wp-content\/uploads\/2015\/09\/fauconfolk29-300x200.jpg 300w, https:\/\/faucon-folk.fr\/wp-content\/uploads\/2015\/09\/fauconfolk29-720x479.jpg 720w, https:\/\/faucon-folk.fr\/wp-content\/uploads\/2015\/09\/fauconfolk29-286x192.jpg 286w\" sizes=\"(max-width: 650px) 100vw, 650px\" \/><\/a><\/p>\n<ul>\n<li>30 juin \u00e0 Portes-les-Valence : <strong>bal pour <a href=\"https:\/\/alternatiba.eu\/\" target=\"_blank\" rel=\"noopener\">ALTERNATIBA<\/a><\/strong><\/li>\n<li>27 juin \u00e0 Romans sur Is\u00e8re : <strong>bal pour la f\u00eate de quartier<\/strong><\/li>\n<li>24 juin \u00e0 Saint Jean en Royans : <strong>bal pour les feux de la Saint Jean au quartier du Sert<\/strong><\/li>\n<li>20 juin \u00e0 Vesc : <strong>bal pour l&rsquo;inauguration du camping<\/strong><\/li>\n<li>21 mai \u00e0 Romans sur Is\u00e8re : <strong>soir\u00e9e bretonne \u00e0 la MJC Robert Martin<\/strong><\/li>\n<li>18 avril \u00e0 Saint Hilaire : <strong>bal pour l&rsquo;adh\u00e9sion annuelle des paniers du Royans chez Cyrille<\/strong><\/li>\n<li>21 mars 2015 \u00e0 Saint Laurent en Royans : <strong>bal pour l&rsquo;association \u00ab\u00a0Famille Rurale\u00a0\u00bb<\/strong> en compagnie du groupe \u00ab\u00a0La Gypa\u00e8te et les Barbus\u00a0\u00bb<\/li>\n<li>19 mars \u00e0 Romans sur Is\u00e8re :<strong> soir\u00e9e bretonne \u00e0 la MJC Robert Martin<\/strong><\/li>\n<li>14 mars \u00e0 Ch\u00e2teau Neuf du Pape : <strong>animation de la cha\u00eene humaine pour sortir du nucl\u00e9aire, 4 ans apr\u00e8s Fukushima<\/strong><\/li>\n<\/ul>\n<p><\/p><\/div>\n<p><div class=\"col-xs-6\">\n<ul>\n<li>27 et 28 f\u00e9vrier : <strong>Nuit du Folk \u00e0 Pont en Royans<\/strong>\n<ul>\n<li>vendredi : Faucon&rsquo;Folk ; le Bal de l&rsquo;Eph\u00e9m\u00e8re : Kloug<\/li>\n<li>samedi : Fr\u00e8re de Sac ; Son Libre ; Parasol<\/li>\n<\/ul>\n<\/li>\n<\/ul>\n<p><a href=\"http:\/\/faucon-folk.fr\/wp-content\/uploads\/2015\/09\/fauconfolk27.jpg\"><img loading=\"lazy\" class=\"aligncenter wp-image-187\" src=\"http:\/\/faucon-folk.fr\/wp-content\/uploads\/2015\/09\/fauconfolk27.jpg\" alt=\"fauconfolk27\" width=\"650\" height=\"488\" srcset=\"https:\/\/faucon-folk.fr\/wp-content\/uploads\/2015\/09\/fauconfolk27.jpg 900w, https:\/\/faucon-folk.fr\/wp-content\/uploads\/2015\/09\/fauconfolk27-300x225.jpg 300w, https:\/\/faucon-folk.fr\/wp-content\/uploads\/2015\/09\/fauconfolk27-720x540.jpg 720w\" sizes=\"(max-width: 650px) 100vw, 650px\" \/><\/a><a href=\"https:\/\/www.youtube.com\/watch?v=zyu8HcYHZcs\" target=\"_blank\" rel=\"noopener\"><em><strong>Extrait en vid\u00e9o<\/strong> <\/em><\/a>(qualit\u00e9 appareil photo)<\/p>\n<p><a href=\"http:\/\/nuitdufolkduroyans.free.fr\/2015\/\" target=\"_blank\" rel=\"noopener\">Site internet<\/a> <a href=\"http:\/\/faucon-folk.fr\/wp-content\/uploads\/2015\/08\/nuit_folk_2.jpg\"><img loading=\"lazy\" class=\"alignnone wp-image-43\" src=\"http:\/\/faucon-folk.fr\/wp-content\/uploads\/2015\/08\/nuit_folk_2-300x194.jpg\" alt=\"nuit_folk_2\" width=\"300\" height=\"194\" srcset=\"https:\/\/faucon-folk.fr\/wp-content\/uploads\/2015\/08\/nuit_folk_2-300x194.jpg 300w, https:\/\/faucon-folk.fr\/wp-content\/uploads\/2015\/08\/nuit_folk_2-720x465.jpg 720w, https:\/\/faucon-folk.fr\/wp-content\/uploads\/2015\/08\/nuit_folk_2-835x539.jpg 835w, https:\/\/faucon-folk.fr\/wp-content\/uploads\/2015\/08\/nuit_folk_2-450x291.jpg 450w, https:\/\/faucon-folk.fr\/wp-content\/uploads\/2015\/08\/nuit_folk_2.jpg 960w\" sizes=\"(max-width: 300px) 100vw, 300px\" \/><\/a><\/p>\n<ul>\n<li>8 f\u00e9vrier \u00e0 G\u00e9nissieux : <strong>bal pour le foyer d&rsquo;h\u00e9bergement \u00ab\u00a0Les Fontaines\u00a0\u00bb<\/strong> (ADAPEI)<\/li>\n<\/ul>\n<p><a href=\"http:\/\/faucon-folk.fr\/wp-content\/uploads\/2015\/09\/fauconfolk28.jpg\"><img loading=\"lazy\" class=\"aligncenter wp-image-188\" src=\"http:\/\/faucon-folk.fr\/wp-content\/uploads\/2015\/09\/fauconfolk28-300x191.jpg\" alt=\"fauconfolk28\" width=\"650\" height=\"414\" srcset=\"https:\/\/faucon-folk.fr\/wp-content\/uploads\/2015\/09\/fauconfolk28-300x191.jpg 300w, https:\/\/faucon-folk.fr\/wp-content\/uploads\/2015\/09\/fauconfolk28-720x458.jpg 720w, https:\/\/faucon-folk.fr\/wp-content\/uploads\/2015\/09\/fauconfolk28.jpg 900w\" sizes=\"(max-width: 650px) 100vw, 650px\" \/><\/a><\/p>\n<p><\/p><\/div><\/p><\/div>\n<h1><div class=\"well well-sm\">2014<\/div><\/h1>\n<div class=\"row\"><div class=\"col-xs-6\">\n<ul>\n<li>29 d\u00e9cembre \u00e0 Roybon : <strong>bal pour les <a href=\"https:\/\/zadroybon.wordpress.com\/\" target=\"_blank\" rel=\"noopener\">zadistes des Chambarrans<\/a><\/strong><\/li>\n<\/ul>\n<p><a href=\"http:\/\/faucon-folk.fr\/wp-content\/uploads\/2015\/09\/fauconfolk24.jpg\"><img loading=\"lazy\" class=\"alignnone wp-image-186\" src=\"http:\/\/faucon-folk.fr\/wp-content\/uploads\/2015\/09\/fauconfolk24-300x195.jpg\" alt=\"fauconfolk24\" width=\"650\" height=\"422\" srcset=\"https:\/\/faucon-folk.fr\/wp-content\/uploads\/2015\/09\/fauconfolk24-300x195.jpg 300w, https:\/\/faucon-folk.fr\/wp-content\/uploads\/2015\/09\/fauconfolk24-720x468.jpg 720w, https:\/\/faucon-folk.fr\/wp-content\/uploads\/2015\/09\/fauconfolk24-450x291.jpg 450w, https:\/\/faucon-folk.fr\/wp-content\/uploads\/2015\/09\/fauconfolk24.jpg 900w\" sizes=\"(max-width: 650px) 100vw, 650px\" \/><\/a><\/p>\n<ul>\n<li>18 d\u00e9cembre \u00e0 Romans sur Is\u00e8re : <strong>soir\u00e9e bretonne \u00e0 la MJC Robert Martin<\/strong><\/li>\n<\/ul>\n<p><a href=\"http:\/\/faucon-folk.fr\/wp-content\/uploads\/2015\/09\/fauconfolk19.jpg\"><img loading=\"lazy\" class=\"wp-image-181 size-medium alignleft\" src=\"http:\/\/faucon-folk.fr\/wp-content\/uploads\/2015\/09\/fauconfolk19-300x225.jpg\" alt=\"\" width=\"300\" height=\"225\" srcset=\"https:\/\/faucon-folk.fr\/wp-content\/uploads\/2015\/09\/fauconfolk19-300x225.jpg 300w, https:\/\/faucon-folk.fr\/wp-content\/uploads\/2015\/09\/fauconfolk19-720x540.jpg 720w, https:\/\/faucon-folk.fr\/wp-content\/uploads\/2015\/09\/fauconfolk19.jpg 900w\" sizes=\"(max-width: 300px) 100vw, 300px\" \/><\/a><a href=\"http:\/\/faucon-folk.fr\/wp-content\/uploads\/2015\/09\/fauconfolk20.jpg\"><img loading=\"lazy\" class=\"wp-image-182 size-medium alignnone\" src=\"http:\/\/faucon-folk.fr\/wp-content\/uploads\/2015\/09\/fauconfolk20-239x300.jpg\" alt=\"\" width=\"239\" height=\"300\" srcset=\"https:\/\/faucon-folk.fr\/wp-content\/uploads\/2015\/09\/fauconfolk20-239x300.jpg 239w, https:\/\/faucon-folk.fr\/wp-content\/uploads\/2015\/09\/fauconfolk20.jpg 717w\" sizes=\"(max-width: 239px) 100vw, 239px\" \/><\/a><\/p>\n<ul>\n<li>16 d\u00e9cembre \u00e0 Romans sur Is\u00e8re : <strong>bal pour les Ateliers de Claire et Dominique<\/strong> \u00e0 la MJC Robert Martin<\/li>\n<\/ul>\n<p><a href=\"http:\/\/faucon-folk.fr\/wp-content\/uploads\/2015\/09\/fauconfolk22.jpg\"><img loading=\"lazy\" class=\" wp-image-184 size-medium alignleft\" src=\"http:\/\/faucon-folk.fr\/wp-content\/uploads\/2015\/09\/fauconfolk22-300x225.jpg\" alt=\"\" width=\"300\" height=\"225\" srcset=\"https:\/\/faucon-folk.fr\/wp-content\/uploads\/2015\/09\/fauconfolk22-300x225.jpg 300w, https:\/\/faucon-folk.fr\/wp-content\/uploads\/2015\/09\/fauconfolk22-720x540.jpg 720w, https:\/\/faucon-folk.fr\/wp-content\/uploads\/2015\/09\/fauconfolk22.jpg 900w\" sizes=\"(max-width: 300px) 100vw, 300px\" \/><\/a><\/p>\n<p><a href=\"http:\/\/faucon-folk.fr\/wp-content\/uploads\/2015\/09\/fauconfolk21.jpg\"><img loading=\"lazy\" class=\"alignnone wp-image-183 size-medium\" src=\"http:\/\/faucon-folk.fr\/wp-content\/uploads\/2015\/09\/fauconfolk21-300x225.jpg\" alt=\"\" width=\"300\" height=\"225\" srcset=\"https:\/\/faucon-folk.fr\/wp-content\/uploads\/2015\/09\/fauconfolk21-300x225.jpg 300w, https:\/\/faucon-folk.fr\/wp-content\/uploads\/2015\/09\/fauconfolk21-720x540.jpg 720w, https:\/\/faucon-folk.fr\/wp-content\/uploads\/2015\/09\/fauconfolk21.jpg 900w\" sizes=\"(max-width: 300px) 100vw, 300px\" \/><\/a><\/p>\n<ul>\n<li>13 d\u00e9cembre \u00e0 Romans sur Is\u00e8re : <strong>bal pour le march\u00e9 de No\u00ebl du <a href=\"http:\/\/sel-des-deux-rives.org\/?lien=accueil\" target=\"_blank\" rel=\"noopener\">SEL des deux rives<\/a><\/strong><\/li>\n<\/ul>\n<p><a href=\"http:\/\/faucon-folk.fr\/wp-content\/uploads\/2015\/09\/fauconfolk23.jpg\"><img loading=\"lazy\" class=\"aligncenter wp-image-185\" src=\"http:\/\/faucon-folk.fr\/wp-content\/uploads\/2015\/09\/fauconfolk23-300x225.jpg\" alt=\"\" width=\"400\" height=\"300\" srcset=\"https:\/\/faucon-folk.fr\/wp-content\/uploads\/2015\/09\/fauconfolk23-300x225.jpg 300w, https:\/\/faucon-folk.fr\/wp-content\/uploads\/2015\/09\/fauconfolk23-720x540.jpg 720w, https:\/\/faucon-folk.fr\/wp-content\/uploads\/2015\/09\/fauconfolk23.jpg 900w\" sizes=\"(max-width: 400px) 100vw, 400px\" \/><\/a><\/p>\n<ul>\n<li>11 octobre \u00e0 Romans sur Is\u00e8re : <strong>bal pour la f\u00eate de la Maison de la Nature<\/strong><\/li>\n<li>4 octobre \u00e0 Chom\u00e9rac (07) : <strong>bal pour la <a href=\"http:\/\/www.famdt-ardeche.fr\/\" target=\"_blank\" rel=\"noopener\">FAMDT Ard\u00e8che<\/a><\/strong><\/li>\n<li>20 septembre \u00e0 Mirabel et Blacon : <strong>bal pour la <a href=\"http:\/\/www.confederationpaysanne.fr\/\" target=\"_blank\" rel=\"noopener\">Conf\u00e9d\u00e9ration Paysanne<\/a><\/strong><\/li>\n<li>2 ao\u00fbt \u00e0 Saillans : bal pour l&rsquo;<strong><a href=\"https:\/\/france.attac.org\/agenda\/article\/altervillage-2014-d-attac\" target=\"_blank\" rel=\"noopener\">AlterVillage 2014 d&rsquo;ATTAC<\/a><\/strong><\/li>\n<\/ul>\n<p><a href=\"http:\/\/faucon-folk.fr\/wp-content\/uploads\/2015\/09\/fauconfolk17.jpg\"><img loading=\"lazy\" class=\" size-medium wp-image-179 alignleft\" src=\"http:\/\/faucon-folk.fr\/wp-content\/uploads\/2015\/09\/fauconfolk17-300x200.jpg\" alt=\"fauconfolk17\" width=\"300\" height=\"200\" srcset=\"https:\/\/faucon-folk.fr\/wp-content\/uploads\/2015\/09\/fauconfolk17-300x200.jpg 300w, https:\/\/faucon-folk.fr\/wp-content\/uploads\/2015\/09\/fauconfolk17-720x479.jpg 720w, https:\/\/faucon-folk.fr\/wp-content\/uploads\/2015\/09\/fauconfolk17-286x192.jpg 286w, https:\/\/faucon-folk.fr\/wp-content\/uploads\/2015\/09\/fauconfolk17.jpg 945w\" sizes=\"(max-width: 300px) 100vw, 300px\" \/><\/a><\/p>\n<p><a href=\"http:\/\/faucon-folk.fr\/wp-content\/uploads\/2015\/09\/fauconfolk18.jpg\"><img loading=\"lazy\" class=\" size-medium wp-image-180 alignnone\" src=\"http:\/\/faucon-folk.fr\/wp-content\/uploads\/2015\/09\/fauconfolk18-300x200.jpg\" alt=\"fauconfolk18\" width=\"300\" height=\"200\" srcset=\"https:\/\/faucon-folk.fr\/wp-content\/uploads\/2015\/09\/fauconfolk18-300x200.jpg 300w, https:\/\/faucon-folk.fr\/wp-content\/uploads\/2015\/09\/fauconfolk18-720x479.jpg 720w, https:\/\/faucon-folk.fr\/wp-content\/uploads\/2015\/09\/fauconfolk18-286x192.jpg 286w, https:\/\/faucon-folk.fr\/wp-content\/uploads\/2015\/09\/fauconfolk18.jpg 945w\" sizes=\"(max-width: 300px) 100vw, 300px\" \/><\/a><\/p>\n<ul>\n<li>\u00a025 juillet \u00e0 Bouvante :<strong> bal pour le g\u00eete \u00ab\u00a0la Jacine\u00a0\u00bb<\/strong><\/li>\n<li>19 juillet \u00e0 Saint Nazaire en Royans : <strong>animation \u00e0 la cr\u00e8perie \u00ab\u00a0Le Breihz K-F\u00e9\u00a0\u00bb<\/strong><\/li>\n<li>17 juillet \u00e0 la Chapelle en Vercors : <strong>bal pour le camping \u00ab\u00a0les Myrtilles\u00a0\u00bb<\/strong><\/li>\n<li>5 juillet \u00e0 G\u00e9nissieux :<strong> bal pour le foyer d&rsquo;handicap\u00e9s<\/strong><\/li>\n<li>27 juin \u00e0 Grenoble : <strong>bal pour la f\u00eate d&rsquo;une \u00e9cole<\/strong><\/li>\n<li>24 juin \u00e0 Saint Jean en Royans :<strong> bal pour la Commune Libre du Sert<\/strong><\/li>\n<\/ul>\n<p><\/p><\/div><div class=\"col-xs-6\">\n<ul>\n<li>21 juin \u00e0 Saint Martin en Vercors : <strong>concert pour la f\u00eate de la musique<\/strong><\/li>\n<\/ul>\n<p><a href=\"http:\/\/faucon-folk.fr\/wp-content\/uploads\/2015\/09\/fauconfolk14.jpg\"><img loading=\"lazy\" class=\"alignnone wp-image-176\" src=\"http:\/\/faucon-folk.fr\/wp-content\/uploads\/2015\/09\/fauconfolk14-1024x706.jpg\" alt=\"fauconfolk14\" width=\"650\" height=\"448\" srcset=\"https:\/\/faucon-folk.fr\/wp-content\/uploads\/2015\/09\/fauconfolk14-1024x706.jpg 1024w, https:\/\/faucon-folk.fr\/wp-content\/uploads\/2015\/09\/fauconfolk14-300x207.jpg 300w, https:\/\/faucon-folk.fr\/wp-content\/uploads\/2015\/09\/fauconfolk14-720x496.jpg 720w, https:\/\/faucon-folk.fr\/wp-content\/uploads\/2015\/09\/fauconfolk14.jpg 1084w\" sizes=\"(max-width: 650px) 100vw, 650px\" \/><\/a><\/p>\n<ul>\n<li>17 juin \u00e0 Grenoble : <strong>bal organis\u00e9 par <a href=\"http:\/\/yfolk.fr\/web\/\" target=\"_blank\" rel=\"noopener\">Y-Folk<\/a><\/strong><\/li>\n<\/ul>\n<p><a href=\"http:\/\/faucon-folk.fr\/wp-content\/uploads\/2015\/09\/fauconfolk15.jpg\"><img loading=\"lazy\" class=\"aligncenter wp-image-177\" src=\"http:\/\/faucon-folk.fr\/wp-content\/uploads\/2015\/09\/fauconfolk15-218x300.jpg\" alt=\"\" width=\"290\" height=\"400\" srcset=\"https:\/\/faucon-folk.fr\/wp-content\/uploads\/2015\/09\/fauconfolk15-218x300.jpg 218w, https:\/\/faucon-folk.fr\/wp-content\/uploads\/2015\/09\/fauconfolk15.jpg 653w\" sizes=\"(max-width: 290px) 100vw, 290px\" \/><\/a><a href=\"http:\/\/faucon-folk.fr\/wp-content\/uploads\/2015\/09\/fauconfolk16.jpg\"><img loading=\"lazy\" class=\"aligncenter wp-image-178 size-full\" src=\"http:\/\/faucon-folk.fr\/wp-content\/uploads\/2015\/09\/fauconfolk16.jpg\" alt=\"fauconfolk16\" width=\"1000\" height=\"257\" srcset=\"https:\/\/faucon-folk.fr\/wp-content\/uploads\/2015\/09\/fauconfolk16.jpg 1000w, https:\/\/faucon-folk.fr\/wp-content\/uploads\/2015\/09\/fauconfolk16-300x77.jpg 300w, https:\/\/faucon-folk.fr\/wp-content\/uploads\/2015\/09\/fauconfolk16-720x185.jpg 720w\" sizes=\"(max-width: 1000px) 100vw, 1000px\" \/><\/a><\/p>\n<ul>\n<li>5 avril \u00e0 Romans sur Is\u00e8re :<strong> bal pour la <a href=\"http:\/\/www.recyclerie-nouvelle-r.fr\/index.php\/presentation\/les-acteurs\/12-presentation\/acteurs\/4-la-plateforme-d-insertion-par-l-humanitaire-et-la-cooperation\" target=\"_blank\" rel=\"noopener\">Plateforme Humanitaire<\/a>, \u00e0 l&rsquo;occasion de la pr\u00e9sentation de ses ateliers durables<\/strong><\/li>\n<\/ul>\n<p><a href=\"http:\/\/faucon-folk.fr\/wp-content\/uploads\/2015\/09\/fauconfolk13.jpg\"><img loading=\"lazy\" class=\"aligncenter wp-image-175\" src=\"http:\/\/faucon-folk.fr\/wp-content\/uploads\/2015\/09\/fauconfolk13-300x200.jpg\" alt=\"fauconfolk13\" width=\"400\" height=\"267\" srcset=\"https:\/\/faucon-folk.fr\/wp-content\/uploads\/2015\/09\/fauconfolk13-300x200.jpg 300w, https:\/\/faucon-folk.fr\/wp-content\/uploads\/2015\/09\/fauconfolk13.jpg 600w, https:\/\/faucon-folk.fr\/wp-content\/uploads\/2015\/09\/fauconfolk13-286x192.jpg 286w\" sizes=\"(max-width: 400px) 100vw, 400px\" \/><\/a><\/p>\n<ul>\n<li>29 mars \u00e0 Valence : <strong>d\u00e9ambulation pour la sortie du nucl\u00e9aire<\/strong>, trois ans apr\u00e8s Fukushima<\/li>\n<\/ul>\n<p><a href=\"http:\/\/www.sortirdunucleaire.org\/Compte-rendu-des-50-jours-d-actions?origine_sujet=LI201405\" target=\"_blank\" rel=\"noopener\">article du r\u00e9seau \u00ab\u00a0Sortir du nucl\u00e9aire\u00a0\u00bb<\/a><\/p>\n<p><a href=\"http:\/\/faucon-folk.fr\/wp-content\/uploads\/2015\/09\/fauconfolk12.jpg\"><img loading=\"lazy\" class=\"aligncenter wp-image-174\" src=\"http:\/\/faucon-folk.fr\/wp-content\/uploads\/2015\/09\/fauconfolk12-300x183.jpg\" alt=\"fauconfolk12\" width=\"650\" height=\"396\" srcset=\"https:\/\/faucon-folk.fr\/wp-content\/uploads\/2015\/09\/fauconfolk12-300x183.jpg 300w, https:\/\/faucon-folk.fr\/wp-content\/uploads\/2015\/09\/fauconfolk12-720x438.jpg 720w, https:\/\/faucon-folk.fr\/wp-content\/uploads\/2015\/09\/fauconfolk12.jpg 900w\" sizes=\"(max-width: 650px) 100vw, 650px\" \/><\/a><\/p>\n<ul>\n<li>8 f\u00e9vrier \u00e0 Bouvante :<strong> bal pour le gite \u00ab\u00a0La Jacine\u00a0\u00bb<\/strong><\/li>\n<li>28 janvier \u00e0 Romans sur Is\u00e8re :<strong> bal pour les \u00ab\u00a0Ateliers de Claire et Dominique\u00a0\u00bb<\/strong> \u00e0 la MJC Robert Martin<\/li>\n<\/ul>\n<p><\/p><\/div><\/div>\n<h1><div class=\"well well-sm\">2013<\/div><\/h1>\n<div class=\"row\"><div class=\"col-xs-6\">\n<ul>\n<li>24 d\u00e9cembre : <strong>animation pour No\u00ebl \u00e0 l&rsquo;accueil de jour des SDF d&rsquo;ENTRAIDE<\/strong><\/li>\n<li>14 d\u00e9cembre \u00e0 Romans sur Is\u00e8re : <strong>bal pour le march\u00e9 de No\u00ebl du <a href=\"http:\/\/sel-des-deux-rives.org\/?lien=accueil\" target=\"_blank\" rel=\"noopener\">SEL des deux rives<\/a><\/strong><\/li>\n<li>7 d\u00e9cembre \u00e0 presles : <strong>bal priv\u00e9 pour un anniversaire<\/strong><\/li>\n<li>14 septembre \u00e0 Saint Quentin la Poterie (Gard) : <strong>bal en partenariat avec les \u00ab\u00a0<a href=\"http:\/\/lesravis.com\/\" target=\"_blank\" rel=\"noopener\">Ravis de la Carcarie<\/a>\u00ab\u00a0<\/strong><\/li>\n<\/ul>\n<p><a href=\"http:\/\/faucon-folk.fr\/wp-content\/uploads\/2015\/09\/fauconfolk11.jpg\"><img loading=\"lazy\" class=\"alignnone wp-image-173\" src=\"http:\/\/faucon-folk.fr\/wp-content\/uploads\/2015\/09\/fauconfolk11.jpg\" alt=\"fauconfolk11\" width=\"650\" height=\"488\" srcset=\"https:\/\/faucon-folk.fr\/wp-content\/uploads\/2015\/09\/fauconfolk11.jpg 900w, https:\/\/faucon-folk.fr\/wp-content\/uploads\/2015\/09\/fauconfolk11-300x225.jpg 300w, https:\/\/faucon-folk.fr\/wp-content\/uploads\/2015\/09\/fauconfolk11-720x540.jpg 720w\" sizes=\"(max-width: 650px) 100vw, 650px\" \/><\/a><\/p>\n<p><a href=\"https:\/\/www.youtube.com\/watch?v=zp-TjfLag7w\" target=\"_blank\" rel=\"noopener\"><em><strong>Extrait en vid\u00e9o<\/strong> <\/em><\/a>(qualit\u00e9 appareil photo)<\/p>\n<ul>\n<li>13 septembre \u00e0 Saint Thomas en Royans : <strong>bal pour le foyer de la MGEN<\/strong><\/li>\n<li>7 septembre \u00e0 Romans sur Is\u00e8re : <strong>bal pour l&rsquo;AGORA<\/strong><\/li>\n<li>31 ao\u00fbt : bal priv\u00e9 pour Am\u00e9d\u00e9e<\/li>\n<li>9 ao\u00fbt \u00e0 Rousset : <strong>bal pour les \u00e9co-volontaires de l&rsquo;association \u00ab\u00a0<a href=\"http:\/\/www.mille-traces.org\/\" target=\"_blank\" rel=\"noopener\">Mille Traces<\/a>\u00ab\u00a0<\/strong><\/li>\n<\/ul>\n<p><a href=\"http:\/\/faucon-folk.fr\/wp-content\/uploads\/2015\/09\/fauconfolk10.jpg\"><img loading=\"lazy\" class=\"aligncenter wp-image-172\" src=\"http:\/\/faucon-folk.fr\/wp-content\/uploads\/2015\/09\/fauconfolk10-300x225.jpg\" alt=\"\" width=\"400\" height=\"300\" srcset=\"https:\/\/faucon-folk.fr\/wp-content\/uploads\/2015\/09\/fauconfolk10-300x225.jpg 300w, https:\/\/faucon-folk.fr\/wp-content\/uploads\/2015\/09\/fauconfolk10-720x540.jpg 720w, https:\/\/faucon-folk.fr\/wp-content\/uploads\/2015\/09\/fauconfolk10.jpg 900w\" sizes=\"(max-width: 400px) 100vw, 400px\" \/><\/a><\/p>\n<ul>\n<li>3 ao\u00fbt \u00e0 Saint Jean en Royans :<strong> bal dans le cadre du Festival des Tourneurs de Manivelle<\/strong><\/li>\n<li>6 juillet \u00e0 Geyssans : <strong>bal pour la f\u00eate de Batotopie<\/strong><\/li>\n<li>5 juillet \u00e0 Bouvante : <strong>bal pour le gite \u00ab\u00a0la Jacine\u00a0\u00bb<\/strong><\/li>\n<li>29 juin \u00e0 Bouvante :<strong> bal priv\u00e9 pour l&rsquo;anniversaire de Sandrine<\/strong><\/li>\n<li>28 juin \u00e0 Oriol en Royans :<strong> bal pour la f\u00eate de l&rsquo;\u00e9cole<\/strong><\/li>\n<li>22 juin \u00e0 La Chapelle en Vercors : <strong>concert pour la f\u00eate de la musique<\/strong><\/li>\n<\/ul>\n<p><a href=\"http:\/\/faucon-folk.fr\/wp-content\/uploads\/2015\/09\/fauconfolk09.jpg\"><img loading=\"lazy\" class=\"alignleft wp-image-222\" src=\"http:\/\/faucon-folk.fr\/wp-content\/uploads\/2015\/09\/fauconfolk09-300x169.jpg\" alt=\"fauconfolk09\" width=\"400\" height=\"226\" srcset=\"https:\/\/faucon-folk.fr\/wp-content\/uploads\/2015\/09\/fauconfolk09-300x169.jpg 300w, https:\/\/faucon-folk.fr\/wp-content\/uploads\/2015\/09\/fauconfolk09-720x406.jpg 720w, https:\/\/faucon-folk.fr\/wp-content\/uploads\/2015\/09\/fauconfolk09.jpg 900w\" sizes=\"(max-width: 400px) 100vw, 400px\" \/><\/a><\/p>\n<p><a href=\"https:\/\/www.youtube.com\/watch?v=d-RU1g5EiSc\" target=\"_blank\" rel=\"noopener\"><em><strong>Extrait en vid\u00e9o<\/strong> <\/em><\/a>(qualit\u00e9 appareil photo)<\/p>\n<p>\u00a0<\/p>\n<p><\/p><\/div>\n<p><div class=\"col-xs-6\">\n<ul>\n<li>15 juin \u00e0 Saint Thomas en Royans : <strong>bal en partenariat avec l&rsquo;atelier folk de l&rsquo;\u00e9cole de musique du Royans<\/strong><\/li>\n<li>14 juin : <strong>concert priv\u00e9 pour Laurent<\/strong><\/li>\n<li>1 juin \u00e0 Borne : <strong>bal pour les 20 ans de la \u00ab\u00a0<a href=\"http:\/\/www.latour-borne.org\/\" target=\"_blank\" rel=\"noopener\">Tour de Borne<\/a>\u00ab\u00a0<\/strong><\/li>\n<li>25 mai \u00e0 Eurre : <strong>bal-concert dans le cadre des 8\u00e8me rencontres de musique traditionnelle \u00ab\u00a0<a href=\"http:\/\/www.tradivarius-asso.net\/\" target=\"_blank\" rel=\"noopener\">Tradivarienne<\/a>\u00ab\u00a0<\/strong><\/li>\n<li>11 mai \u00e0 Oriol en Royans : <strong>bal priv\u00e9 pour Laurine et K\u00e9vin<\/strong><\/li>\n<\/ul>\n<p><a href=\"http:\/\/faucon-folk.fr\/wp-content\/uploads\/2015\/09\/fauconfolk08.jpg\"><img loading=\"lazy\" class=\"aligncenter wp-image-171\" src=\"http:\/\/faucon-folk.fr\/wp-content\/uploads\/2015\/09\/fauconfolk08-300x232.jpg\" alt=\"fauconfolk08\" width=\"400\" height=\"310\" srcset=\"https:\/\/faucon-folk.fr\/wp-content\/uploads\/2015\/09\/fauconfolk08-300x232.jpg 300w, https:\/\/faucon-folk.fr\/wp-content\/uploads\/2015\/09\/fauconfolk08-1024x792.jpg 1024w, https:\/\/faucon-folk.fr\/wp-content\/uploads\/2015\/09\/fauconfolk08-720x557.jpg 720w\" sizes=\"(max-width: 400px) 100vw, 400px\" \/><\/a><\/p>\n<ul>\n<li>4 mai \u00e0 Saint Laurent en Royans : <strong>concert pour le premi\u00e8re braderie de la recyclerie \u00ab\u00a0<a href=\"http:\/\/lebruitduplacart.fr\/\" target=\"_blank\" rel=\"noopener\">Le Bruit du Plac&rsquo;Art<\/a>\u00ab\u00a0<\/strong><\/li>\n<li>9 mars \u00e0 Paris :<strong> Faucon&rsquo;Folk \u00e0 l&rsquo;Op\u00e9ra Bastille pour la cha\u00eene humaine pour la sortie du nucl\u00e9aire<\/strong><\/li>\n<\/ul>\n<p><a href=\"http:\/\/faucon-folk.fr\/wp-content\/uploads\/2015\/09\/fauconfolk07.jpg\"><img loading=\"lazy\" class=\"aligncenter wp-image-170 size-full\" src=\"http:\/\/faucon-folk.fr\/wp-content\/uploads\/2015\/09\/fauconfolk07-e1659459954862.jpg\" alt=\"fauconfolk07\" width=\"900\" height=\"492\" srcset=\"https:\/\/faucon-folk.fr\/wp-content\/uploads\/2015\/09\/fauconfolk07-e1659459954862.jpg 900w, https:\/\/faucon-folk.fr\/wp-content\/uploads\/2015\/09\/fauconfolk07-e1659459954862-300x164.jpg 300w, https:\/\/faucon-folk.fr\/wp-content\/uploads\/2015\/09\/fauconfolk07-e1659459954862-720x394.jpg 720w, https:\/\/faucon-folk.fr\/wp-content\/uploads\/2015\/09\/fauconfolk07-e1659459954862-768x420.jpg 768w\" sizes=\"(max-width: 900px) 100vw, 900px\" \/><\/a><\/p>\n<ul>\n<li>janvier \u00e0 Romans sur Is\u00e8re :<strong> bal pour les ateliers de Claire et Dominique \u00e0 la MJC Robert Martin<\/strong><\/li>\n<\/ul>\n<p><img loading=\"lazy\" class=\"aligncenter wp-image-169\" src=\"http:\/\/faucon-folk.fr\/wp-content\/uploads\/2015\/09\/fauconfolk06.jpg\" alt=\"\" width=\"400\" height=\"300\" srcset=\"https:\/\/faucon-folk.fr\/wp-content\/uploads\/2015\/09\/fauconfolk06.jpg 600w, https:\/\/faucon-folk.fr\/wp-content\/uploads\/2015\/09\/fauconfolk06-300x225.jpg 300w\" sizes=\"(max-width: 400px) 100vw, 400px\" \/><\/p>\n<p><\/p><\/div><\/p><\/div>\n<h1><div class=\"well well-sm\">2012<\/div><\/h1>\n<div class=\"row\"><div class=\"col-xs-6\">\n<ul>\n<li>21 juin \u00e0 Saint Jean en Royans : <strong>concert pour la f\u00eate de la musique<\/strong><\/li>\n<\/ul>\n<p><a href=\"http:\/\/faucon-folk.fr\/wp-content\/uploads\/2015\/09\/fauconfolk02.jpg\"><img loading=\"lazy\" class=\"alignnone wp-image-165\" src=\"http:\/\/faucon-folk.fr\/wp-content\/uploads\/2015\/09\/fauconfolk02-1024x630.jpg\" alt=\"\" width=\"650\" height=\"400\" srcset=\"https:\/\/faucon-folk.fr\/wp-content\/uploads\/2015\/09\/fauconfolk02-1024x630.jpg 1024w, https:\/\/faucon-folk.fr\/wp-content\/uploads\/2015\/09\/fauconfolk02-300x185.jpg 300w, https:\/\/faucon-folk.fr\/wp-content\/uploads\/2015\/09\/fauconfolk02-720x443.jpg 720w, https:\/\/faucon-folk.fr\/wp-content\/uploads\/2015\/09\/fauconfolk02.jpg 1500w\" sizes=\"(max-width: 650px) 100vw, 650px\" \/><\/a><\/p>\n<ul>\n<li>27 mai \u00e0 Chom\u00e9rac (Ard\u00e8che) : bal dans le cadre du festival \u00ab\u00a0Trad Ard\u00e8che\u00a0\u00bb<\/li>\n<\/ul>\n<p><a href=\"http:\/\/faucon-folk.fr\/wp-content\/uploads\/2015\/09\/fauconfolk01.jpg\"><img loading=\"lazy\" class=\"aligncenter wp-image-164\" src=\"http:\/\/faucon-folk.fr\/wp-content\/uploads\/2015\/09\/fauconfolk01-300x199.jpg\" alt=\"\" width=\"650\" height=\"430\" srcset=\"https:\/\/faucon-folk.fr\/wp-content\/uploads\/2015\/09\/fauconfolk01-300x199.jpg 300w, https:\/\/faucon-folk.fr\/wp-content\/uploads\/2015\/09\/fauconfolk01-720x477.jpg 720w, https:\/\/faucon-folk.fr\/wp-content\/uploads\/2015\/09\/fauconfolk01.jpg 1000w\" sizes=\"(max-width: 650px) 100vw, 650px\" \/><\/a><\/p>\n<p><\/p><\/div><div class=\"col-xs-6\">\n<ul>\n<li>mai \u00e0 Valence : bal pour EELV<\/li>\n<\/ul>\n<p><a href=\"https:\/\/www.youtube.com\/watch?v=Qs2etWo6fQA&amp;feature=youtu.be\" target=\"_blank\" rel=\"noopener\"><em><strong>Extrait en vid\u00e9o<\/strong> <\/em><\/a>(qualit\u00e9 appareil photo)<\/p>\n<ul>\n<li>11 mars dans la vall\u00e9e du Rh\u00f4ne : cha\u00eene humaine pour la comm\u00e9moration de Fukushima<\/li>\n<\/ul>\n<p><a href=\"http:\/\/faucon-folk.fr\/wp-content\/uploads\/2015\/09\/fauconfolk04.jpg\"><img loading=\"lazy\" class=\"aligncenter wp-image-167\" src=\"http:\/\/faucon-folk.fr\/wp-content\/uploads\/2015\/09\/fauconfolk04-300x198.jpg\" alt=\"\" width=\"400\" height=\"264\" srcset=\"https:\/\/faucon-folk.fr\/wp-content\/uploads\/2015\/09\/fauconfolk04-300x198.jpg 300w, https:\/\/faucon-folk.fr\/wp-content\/uploads\/2015\/09\/fauconfolk04-720x474.jpg 720w, https:\/\/faucon-folk.fr\/wp-content\/uploads\/2015\/09\/fauconfolk04.jpg 900w\" sizes=\"(max-width: 400px) 100vw, 400px\" \/><\/a><\/p>\n<ul>\n<li>janvier \u00e0 Bouvante : bal repas-concert dans une ferme<\/li>\n<\/ul>\n<p><a href=\"http:\/\/faucon-folk.fr\/wp-content\/uploads\/2015\/09\/fauconfolk03.jpg\"><img loading=\"lazy\" class=\"aligncenter wp-image-166\" src=\"http:\/\/faucon-folk.fr\/wp-content\/uploads\/2015\/09\/fauconfolk03-300x209.jpg\" alt=\"\" width=\"650\" height=\"453\" srcset=\"https:\/\/faucon-folk.fr\/wp-content\/uploads\/2015\/09\/fauconfolk03-300x209.jpg 300w, https:\/\/faucon-folk.fr\/wp-content\/uploads\/2015\/09\/fauconfolk03-1024x714.jpg 1024w, https:\/\/faucon-folk.fr\/wp-content\/uploads\/2015\/09\/fauconfolk03-720x502.jpg 720w\" sizes=\"(max-width: 650px) 100vw, 650px\" \/><\/a><\/p>\n<p><\/p><\/div><\/div>\n<p>\u00a0<\/p>","protected":false},"excerpt":{"rendered":"<p>\u00a0 \u00a0 \u00a0<\/p>\n","protected":false},"author":1,"featured_media":0,"parent":0,"menu_order":0,"comment_status":"closed","ping_status":"open","template":"","meta":[],"_links":{"self":[{"href":"https:\/\/faucon-folk.fr\/index.php\/wp-json\/wp\/v2\/pages\/90"}],"collection":[{"href":"https:\/\/faucon-folk.fr\/index.php\/wp-json\/wp\/v2\/pages"}],"about":[{"href":"https:\/\/faucon-folk.fr\/index.php\/wp-json\/wp\/v2\/types\/page"}],"author":[{"embeddable":true,"href":"https:\/\/faucon-folk.fr\/index.php\/wp-json\/wp\/v2\/users\/1"}],"replies":[{"embeddable":true,"href":"https:\/\/faucon-folk.fr\/index.php\/wp-json\/wp\/v2\/comments?post=90"}],"version-history":[{"count":425,"href":"https:\/\/faucon-folk.fr\/index.php\/wp-json\/wp\/v2\/pages\/90\/revisions"}],"predecessor-version":[{"id":1012,"href":"https:\/\/faucon-folk.fr\/index.php\/wp-json\/wp\/v2\/pages\/90\/revisions\/1012"}],"wp:attachment":[{"href":"https:\/\/faucon-folk.fr\/index.php\/wp-json\/wp\/v2\/media?parent=90"}],"curies":[{"name":"wp","href":"https:\/\/api.w.org\/{rel}","templated":true}]}}