{"id":6,"date":"2015-08-06T20:25:55","date_gmt":"2015-08-06T20:25:55","guid":{"rendered":"http:\/\/faucon-folk.fr\/?page_id=6"},"modified":"2022-08-02T17:32:00","modified_gmt":"2022-08-02T17:32:00","slug":"musiciens","status":"publish","type":"page","link":"http:\/\/faucon-folk.fr\/index.php\/musiciens\/","title":{"rendered":"Les membres du groupe"},"content":{"rendered":"<div class=\"row\"><div class=\"col-xs-4\">\n<p style=\"text-align: center;\"><a href=\"http:\/\/faucon-folk.fr\/wp-content\/uploads\/2015\/08\/L\u00e9on.jpg\"><img loading=\"lazy\" class=\"aligncenter wp-image-570\" src=\"http:\/\/faucon-folk.fr\/wp-content\/uploads\/2015\/08\/L\u00e9on-216x300.jpg\" alt=\"L\u00e9on\" width=\"288\" height=\"400\" srcset=\"http:\/\/faucon-folk.fr\/wp-content\/uploads\/2015\/08\/L\u00e9on-216x300.jpg 216w, http:\/\/faucon-folk.fr\/wp-content\/uploads\/2015\/08\/L\u00e9on.jpg 648w\" sizes=\"(max-width: 288px) 100vw, 288px\" \/><\/a>A l&rsquo;accord\u00e9on chromatique : Fran\u00e7ois, dit L\u00e9on<\/p>\n<p style=\"text-align: center;\"><a href=\"http:\/\/faucon-folk.fr\/wp-content\/uploads\/2015\/08\/K\u00e9vin.jpg\"><img loading=\"lazy\" class=\"aligncenter wp-image-568\" src=\"http:\/\/faucon-folk.fr\/wp-content\/uploads\/2015\/08\/K\u00e9vin-190x300.jpg\" alt=\"K\u00e9vin\" width=\"254\" height=\"400\" srcset=\"http:\/\/faucon-folk.fr\/wp-content\/uploads\/2015\/08\/K\u00e9vin-190x300.jpg 190w, http:\/\/faucon-folk.fr\/wp-content\/uploads\/2015\/08\/K\u00e9vin.jpg 571w\" sizes=\"(max-width: 254px) 100vw, 254px\" \/><\/a>Aux percussions, \u00e9criture des textes et chant : K\u00e9vin<\/p>\n<p style=\"text-align: center;\"><a href=\"http:\/\/faucon-folk.fr\/wp-content\/uploads\/2015\/08\/Phil.jpg\"><img loading=\"lazy\" class=\"aligncenter wp-image-573\" src=\"http:\/\/faucon-folk.fr\/wp-content\/uploads\/2015\/08\/Phil-225x300.jpg\" alt=\"Phil\" width=\"300\" height=\"400\" srcset=\"http:\/\/faucon-folk.fr\/wp-content\/uploads\/2015\/08\/Phil-225x300.jpg 225w, http:\/\/faucon-folk.fr\/wp-content\/uploads\/2015\/08\/Phil.jpg 675w\" sizes=\"(max-width: 300px) 100vw, 300px\" \/><\/a>Au violon et \u00e0 la mandole : Philippe<\/p>\n<p style=\"text-align: left;\"><\/p><\/div><div class=\"col-xs-4\">\n<p style=\"text-align: center;\"><a href=\"http:\/\/faucon-folk.fr\/wp-content\/uploads\/2015\/08\/Hubert.jpg\"><img loading=\"lazy\" class=\"aligncenter wp-image-566\" src=\"http:\/\/faucon-folk.fr\/wp-content\/uploads\/2015\/08\/Hubert-225x300.jpg\" alt=\"Hubert\" width=\"300\" height=\"400\" srcset=\"http:\/\/faucon-folk.fr\/wp-content\/uploads\/2015\/08\/Hubert-225x300.jpg 225w, http:\/\/faucon-folk.fr\/wp-content\/uploads\/2015\/08\/Hubert.jpg 675w\" sizes=\"(max-width: 300px) 100vw, 300px\" \/><\/a><\/p>\n<p style=\"text-align: center;\">Au nyckelharpa : Hubert<\/p>\n<p style=\"text-align: center;\"><a href=\"http:\/\/faucon-folk.fr\/wp-content\/uploads\/2015\/08\/Domi.jpg\"><img loading=\"lazy\" class=\"aligncenter wp-image-565\" src=\"http:\/\/faucon-folk.fr\/wp-content\/uploads\/2015\/08\/Domi-225x300.jpg\" alt=\"Domi\" width=\"300\" height=\"400\" srcset=\"http:\/\/faucon-folk.fr\/wp-content\/uploads\/2015\/08\/Domi-225x300.jpg 225w, http:\/\/faucon-folk.fr\/wp-content\/uploads\/2015\/08\/Domi.jpg 675w\" sizes=\"(max-width: 300px) 100vw, 300px\" \/><\/a><\/p>\n<p style=\"text-align: center;\">Pour mener les danses : Dominique<\/p>\n<p style=\"text-align: center;\"><a href=\"http:\/\/faucon-folk.fr\/wp-content\/uploads\/2015\/08\/Jacqueline.jpg\"><img loading=\"lazy\" class=\"aligncenter wp-image-567\" src=\"http:\/\/faucon-folk.fr\/wp-content\/uploads\/2015\/08\/Jacqueline-225x300.jpg\" alt=\"Jacqueline\" width=\"300\" height=\"400\" srcset=\"http:\/\/faucon-folk.fr\/wp-content\/uploads\/2015\/08\/Jacqueline-225x300.jpg 225w, http:\/\/faucon-folk.fr\/wp-content\/uploads\/2015\/08\/Jacqueline.jpg 675w\" sizes=\"(max-width: 300px) 100vw, 300px\" \/><\/a><\/p>\n<p style=\"text-align: center;\">A l&rsquo;accord\u00e9on diatonique : Jacqueline<\/p>\n<p><\/p><\/div><div class=\"col-xs-4\">\n<p style=\"text-align: center;\"><a href=\"http:\/\/faucon-folk.fr\/wp-content\/uploads\/2015\/08\/Monique.jpg\"><img loading=\"lazy\" class=\"aligncenter wp-image-571\" src=\"http:\/\/faucon-folk.fr\/wp-content\/uploads\/2015\/08\/Monique-225x300.jpg\" alt=\"Monique\" width=\"300\" height=\"400\" srcset=\"http:\/\/faucon-folk.fr\/wp-content\/uploads\/2015\/08\/Monique-225x300.jpg 225w, http:\/\/faucon-folk.fr\/wp-content\/uploads\/2015\/08\/Monique.jpg 675w\" sizes=\"(max-width: 300px) 100vw, 300px\" \/><\/a><\/p>\n<p style=\"text-align: center;\">A la fl\u00fbte traversi\u00e8re : Monique<\/p>\n<p style=\"text-align: center;\"><a href=\"http:\/\/faucon-folk.fr\/wp-content\/uploads\/2015\/08\/Laurine.jpg\"><img loading=\"lazy\" class=\"aligncenter wp-image-569\" src=\"http:\/\/faucon-folk.fr\/wp-content\/uploads\/2015\/08\/Laurine-300x225.jpg\" alt=\"Laurine\" width=\"400\" height=\"300\" srcset=\"http:\/\/faucon-folk.fr\/wp-content\/uploads\/2015\/08\/Laurine-300x225.jpg 300w, http:\/\/faucon-folk.fr\/wp-content\/uploads\/2015\/08\/Laurine-720x540.jpg 720w, http:\/\/faucon-folk.fr\/wp-content\/uploads\/2015\/08\/Laurine.jpg 900w\" sizes=\"(max-width: 400px) 100vw, 400px\" \/><\/a><\/p>\n<p style=\"text-align: center;\">Au secr\u00e9tariat, pour danser et des fois \u00e0 la clarinette : Laurine<\/p>\n<p style=\"text-align: center;\"><a href=\"http:\/\/faucon-folk.fr\/wp-content\/uploads\/2015\/08\/Nico.jpg\"><img loading=\"lazy\" class=\"aligncenter wp-image-572\" src=\"http:\/\/faucon-folk.fr\/wp-content\/uploads\/2015\/08\/Nico-225x300.jpg\" alt=\"Nico\" width=\"300\" height=\"400\" srcset=\"http:\/\/faucon-folk.fr\/wp-content\/uploads\/2015\/08\/Nico-225x300.jpg 225w, http:\/\/faucon-folk.fr\/wp-content\/uploads\/2015\/08\/Nico.jpg 675w\" sizes=\"(max-width: 300px) 100vw, 300px\" \/><\/a><\/p>\n<p style=\"text-align: center;\">A la clarinette basse : Nicolas<\/p>\n<p><\/p><\/div><\/div>\n<h1 style=\"text-align: center;\">Leurs instruments,<\/h1>\n<p style=\"text-align: left;\"><div class=\"row\"><div class=\"col-xs-1\"><\/div><div class=\"col-xs-1\"><a href=\"http:\/\/faucon-folk.fr\/wp-content\/uploads\/2015\/08\/clarinette-e1525811268629.jpg\"><img loading=\"lazy\" class=\"aligncenter wp-image-582\" src=\"http:\/\/faucon-folk.fr\/wp-content\/uploads\/2015\/08\/clarinette-e1525811268629-300x90.jpg\" alt=\"\" width=\"332\" height=\"100\" srcset=\"http:\/\/faucon-folk.fr\/wp-content\/uploads\/2015\/08\/clarinette-e1525811268629-300x90.jpg 300w, http:\/\/faucon-folk.fr\/wp-content\/uploads\/2015\/08\/clarinette-e1525811268629.jpg 491w\" sizes=\"(max-width: 332px) 100vw, 332px\" \/><\/a> <\/div><div class=\"col-xs-1\">\n<p><a href=\"http:\/\/faucon-folk.fr\/wp-content\/uploads\/2015\/09\/accordeon.jpg\"><img loading=\"lazy\" class=\"aligncenter wp-image-240\" src=\"http:\/\/faucon-folk.fr\/wp-content\/uploads\/2015\/09\/accordeon.jpg\" alt=\"accordeon\" width=\"271\" height=\"200\" srcset=\"http:\/\/faucon-folk.fr\/wp-content\/uploads\/2015\/09\/accordeon.jpg 600w, http:\/\/faucon-folk.fr\/wp-content\/uploads\/2015\/09\/accordeon-300x222.jpg 300w\" sizes=\"(max-width: 271px) 100vw, 271px\" \/><\/a><\/p><\/div><div class=\"col-xs-1\"><a href=\"http:\/\/faucon-folk.fr\/wp-content\/uploads\/2015\/09\/djembe.jpg\"><img loading=\"lazy\" class=\"aligncenter wp-image-245\" src=\"http:\/\/faucon-folk.fr\/wp-content\/uploads\/2015\/09\/djembe.jpg\" alt=\"djembe\" width=\"200\" height=\"200\" srcset=\"http:\/\/faucon-folk.fr\/wp-content\/uploads\/2015\/09\/djembe.jpg 600w, http:\/\/faucon-folk.fr\/wp-content\/uploads\/2015\/09\/djembe-150x150.jpg 150w, http:\/\/faucon-folk.fr\/wp-content\/uploads\/2015\/09\/djembe-300x300.jpg 300w, http:\/\/faucon-folk.fr\/wp-content\/uploads\/2015\/09\/djembe-410x410.jpg 410w, http:\/\/faucon-folk.fr\/wp-content\/uploads\/2015\/09\/djembe-80x80.jpg 80w\" sizes=\"(max-width: 200px) 100vw, 200px\" \/><\/a><\/div><div class=\"col-xs-1\"><a href=\"http:\/\/faucon-folk.fr\/wp-content\/uploads\/2015\/09\/violon.jpg\"><img loading=\"lazy\" class=\"aligncenter wp-image-258\" src=\"http:\/\/faucon-folk.fr\/wp-content\/uploads\/2015\/09\/violon.jpg\" alt=\"violon\" width=\"269\" height=\"200\" srcset=\"http:\/\/faucon-folk.fr\/wp-content\/uploads\/2015\/09\/violon.jpg 600w, http:\/\/faucon-folk.fr\/wp-content\/uploads\/2015\/09\/violon-300x223.jpg 300w\" sizes=\"(max-width: 269px) 100vw, 269px\" \/><\/a><\/div><div class=\"col-xs-1\"><a href=\"http:\/\/faucon-folk.fr\/wp-content\/uploads\/2015\/09\/nyckelharpa.jpg\"><img loading=\"lazy\" class=\"aligncenter wp-image-247\" src=\"http:\/\/faucon-folk.fr\/wp-content\/uploads\/2015\/09\/nyckelharpa.jpg\" alt=\"nyckelharpa\" width=\"250\" height=\"167\" srcset=\"http:\/\/faucon-folk.fr\/wp-content\/uploads\/2015\/09\/nyckelharpa.jpg 600w, http:\/\/faucon-folk.fr\/wp-content\/uploads\/2015\/09\/nyckelharpa-300x200.jpg 300w, http:\/\/faucon-folk.fr\/wp-content\/uploads\/2015\/09\/nyckelharpa-286x192.jpg 286w\" sizes=\"(max-width: 250px) 100vw, 250px\" \/><\/a><\/div><div class=\"col-xs-1\"><a href=\"http:\/\/faucon-folk.fr\/wp-content\/uploads\/2015\/08\/baudrane.jpg\"><img loading=\"lazy\" class=\"aligncenter wp-image-581\" src=\"http:\/\/faucon-folk.fr\/wp-content\/uploads\/2015\/08\/baudrane-257x300.jpg\" alt=\"baudrane\" width=\"200\" height=\"233\" \/><\/a>\n<p><\/p><\/div><div class=\"col-xs-1\"><a href=\"http:\/\/faucon-folk.fr\/wp-content\/uploads\/2015\/09\/accordeon-diato.jpg\"><img loading=\"lazy\" class=\"aligncenter wp-image-241\" src=\"http:\/\/faucon-folk.fr\/wp-content\/uploads\/2015\/09\/accordeon-diato.jpg\" alt=\"accordeon diato\" width=\"250\" height=\"177\" srcset=\"http:\/\/faucon-folk.fr\/wp-content\/uploads\/2015\/09\/accordeon-diato.jpg 600w, http:\/\/faucon-folk.fr\/wp-content\/uploads\/2015\/09\/accordeon-diato-300x213.jpg 300w\" sizes=\"(max-width: 250px) 100vw, 250px\" \/><\/a><\/div><div class=\"col-xs-1\"><a href=\"http:\/\/faucon-folk.fr\/wp-content\/uploads\/2015\/08\/mandole.jpg\"><img loading=\"lazy\" class=\"aligncenter wp-image-583\" src=\"http:\/\/faucon-folk.fr\/wp-content\/uploads\/2015\/08\/mandole-300x168.jpg\" alt=\"mandole\" width=\"250\" height=\"140\" srcset=\"http:\/\/faucon-folk.fr\/wp-content\/uploads\/2015\/08\/mandole-300x168.jpg 300w, http:\/\/faucon-folk.fr\/wp-content\/uploads\/2015\/08\/mandole-720x403.jpg 720w, http:\/\/faucon-folk.fr\/wp-content\/uploads\/2015\/08\/mandole.jpg 1000w\" sizes=\"(max-width: 250px) 100vw, 250px\" \/><\/a> <\/div><div class=\"col-xs-1\"><a href=\"http:\/\/faucon-folk.fr\/wp-content\/uploads\/2015\/09\/flute.jpg\"><img loading=\"lazy\" class=\"aligncenter wp-image-246\" src=\"http:\/\/faucon-folk.fr\/wp-content\/uploads\/2015\/09\/flute.jpg\" alt=\"flute\" width=\"250\" height=\"132\" srcset=\"http:\/\/faucon-folk.fr\/wp-content\/uploads\/2015\/09\/flute.jpg 600w, http:\/\/faucon-folk.fr\/wp-content\/uploads\/2015\/09\/flute-300x158.jpg 300w, http:\/\/faucon-folk.fr\/wp-content\/uploads\/2015\/09\/flute-595x316.jpg 595w\" sizes=\"(max-width: 250px) 100vw, 250px\" \/><\/a><\/div><div class=\"col-xs-1\"><a href=\"http:\/\/faucon-folk.fr\/wp-content\/uploads\/2015\/09\/clar-basse.jpg\"><img loading=\"lazy\" class=\"aligncenter wp-image-242\" src=\"http:\/\/faucon-folk.fr\/wp-content\/uploads\/2015\/09\/clar-basse.jpg\" alt=\"clar basse\" width=\"200\" height=\"181\" srcset=\"http:\/\/faucon-folk.fr\/wp-content\/uploads\/2015\/09\/clar-basse.jpg 600w, http:\/\/faucon-folk.fr\/wp-content\/uploads\/2015\/09\/clar-basse-300x272.jpg 300w\" sizes=\"(max-width: 200px) 100vw, 200px\" \/><\/a> <\/div><div class=\"col-xs-1\"><\/div><\/div><\/p>\n<h1 style=\"text-align: center;\">Et leur histoire&#8230;<\/h1>\n<p>Issu de nombreuses rencontres, le groupe Faucon&rsquo;Folk s&rsquo;est form\u00e9 en 2009. Depuis, le groupe a continu\u00e9 d&rsquo;\u00e9voluer au gr\u00e9 des rencontres et compte \u00e0 pr\u00e9sent 8 musiciens et une meneuse de danse.<\/p>\n<p>Les instruments traditionnels, nickelharpa, bombarde, cornemuse du centre, accord\u00e9ons sont accompagn\u00e9s par le son de la clarinette basse, de la mandole, des fl\u00fbtes, et des percussions, djemb\u00e9, bodhran et tambourin ainsi que par la voix d&rsquo;un chanteur.<\/p>\n<p>Petite particularit\u00e9 du groupe : l&rsquo;\u00e9criture de textes originaux sur des airs traditionnels.<\/p>\n<p>Venez danser avec nous, vos danses seront ponctu\u00e9es du chant de nos oiseaux !<a href=\"file:\/\/\/home\/nico\/Documents\/PARTITION\/LES%20FAUCONS%20FOLK\/site%20faucon%20folk\/index.html\"><br \/>\n<\/a><\/p>\n","protected":false},"excerpt":{"rendered":"<p>Leurs instruments, Et leur histoire&#8230; Issu de nombreuses rencontres, le groupe Faucon&rsquo;Folk s&rsquo;est form\u00e9 en 2009. Depuis, le groupe a continu\u00e9 d&rsquo;\u00e9voluer au gr\u00e9 des rencontres et compte \u00e0 pr\u00e9sent 8 musiciens et une meneuse de danse. Les instruments traditionnels, nickelharpa, bombarde, cornemuse du centre, accord\u00e9ons sont accompagn\u00e9s par le son de la clarinette basse, de la mandole, des fl\u00fbtes, et des percussions, djemb\u00e9, bodhran et tambourin ainsi que par<\/p>\n<p><a class=\"continue-reading\" href=\"http:\/\/faucon-folk.fr\/index.php\/musiciens\/\">Continue reading&#8230;<\/a><\/p>\n","protected":false},"author":1,"featured_media":0,"parent":0,"menu_order":0,"comment_status":"open","ping_status":"open","template":"","meta":[],"_links":{"self":[{"href":"http:\/\/faucon-folk.fr\/index.php\/wp-json\/wp\/v2\/pages\/6"}],"collection":[{"href":"http:\/\/faucon-folk.fr\/index.php\/wp-json\/wp\/v2\/pages"}],"about":[{"href":"http:\/\/faucon-folk.fr\/index.php\/wp-json\/wp\/v2\/types\/page"}],"author":[{"embeddable":true,"href":"http:\/\/faucon-folk.fr\/index.php\/wp-json\/wp\/v2\/users\/1"}],"replies":[{"embeddable":true,"href":"http:\/\/faucon-folk.fr\/index.php\/wp-json\/wp\/v2\/comments?post=6"}],"version-history":[{"count":37,"href":"http:\/\/faucon-folk.fr\/index.php\/wp-json\/wp\/v2\/pages\/6\/revisions"}],"predecessor-version":[{"id":921,"href":"http:\/\/faucon-folk.fr\/index.php\/wp-json\/wp\/v2\/pages\/6\/revisions\/921"}],"wp:attachment":[{"href":"http:\/\/faucon-folk.fr\/index.php\/wp-json\/wp\/v2\/media?parent=6"}],"curies":[{"name":"wp","href":"https:\/\/api.w.org\/{rel}","templated":true}]}}